{"id":4203,"date":"2021-06-05T22:05:02","date_gmt":"2021-06-05T21:05:02","guid":{"rendered":"http:\/\/ecole-ste-anne-asserac.fr\/?page_id=4203"},"modified":"2023-07-20T10:37:16","modified_gmt":"2023-07-20T08:37:16","slug":"label-international","status":"publish","type":"page","link":"https:\/\/ecole-ste-anne-asserac.fr\/?page_id=4203","title":{"rendered":"Label international"},"content":{"rendered":"<p><strong>En Avril 2018<\/strong>, l\u2019\u00e9cole Ste Anne a re\u00e7u le label \u00ab Etablissement international \u00bb du Directeur Dioc\u00e9sain .<img loading=\"lazy\" decoding=\"async\" class=\"aligncenter size-medium wp-image-2493\" src=\"http:\/\/ecole-ste-anne-asserac.fr\/wp-content\/uploads\/2018\/05\/logo-Etablissement-International-300x153.jpg\" sizes=\"auto, (max-width: 300px) 100vw, 300px\" srcset=\"https:\/\/ecole-ste-anne-asserac.fr\/wp-content\/uploads\/2018\/05\/logo-Etablissement-International-300x153.jpg 300w, https:\/\/ecole-ste-anne-asserac.fr\/wp-content\/uploads\/2018\/05\/logo-Etablissement-International-768x391.jpg 768w, https:\/\/ecole-ste-anne-asserac.fr\/wp-content\/uploads\/2018\/05\/logo-Etablissement-International-1024x522.jpg 1024w, https:\/\/ecole-ste-anne-asserac.fr\/wp-content\/uploads\/2018\/05\/logo-Etablissement-International-600x306.jpg 600w, https:\/\/ecole-ste-anne-asserac.fr\/wp-content\/uploads\/2018\/05\/logo-Etablissement-International.jpg 1181w\" alt=\"\" width=\"300\" height=\"153\">Cette plaque a ensuite \u00e9t\u00e9 inaugur\u00e9e d\u00e9but Juin, \u00e0 l\u2019\u00e9cole, avec tous les enfants et parents :<\/p>\n<p><a href=\"http:\/\/ecole-ste-anne-asserac.fr\/wp-content\/uploads\/2018\/05\/IMG_2405.jpg\"><img loading=\"lazy\" decoding=\"async\" class=\"aligncenter size-medium wp-image-2478\" src=\"http:\/\/ecole-ste-anne-asserac.fr\/wp-content\/uploads\/2018\/05\/IMG_2405-300x225.jpg\" sizes=\"auto, (max-width: 300px) 100vw, 300px\" srcset=\"https:\/\/ecole-ste-anne-asserac.fr\/wp-content\/uploads\/2018\/05\/IMG_2405-300x225.jpg 300w, https:\/\/ecole-ste-anne-asserac.fr\/wp-content\/uploads\/2018\/05\/IMG_2405-768x575.jpg 768w, https:\/\/ecole-ste-anne-asserac.fr\/wp-content\/uploads\/2018\/05\/IMG_2405-600x449.jpg 600w, https:\/\/ecole-ste-anne-asserac.fr\/wp-content\/uploads\/2018\/05\/IMG_2405.jpg 824w\" alt=\"\" width=\"300\" height=\"225\"><\/a><\/p>\n<p>Hymne europ\u00e9en, chants et sayn\u00e8tes en anglais avaient \u00e9t\u00e9 travaill\u00e9s avec les enfants tout au long de l\u2019ann\u00e9e.<a href=\"http:\/\/ecole-ste-anne-asserac.fr\/wp-content\/uploads\/2018\/05\/IMG_2396.jpg\"><img loading=\"lazy\" decoding=\"async\" class=\"aligncenter size-medium wp-image-2480\" src=\"http:\/\/ecole-ste-anne-asserac.fr\/wp-content\/uploads\/2018\/05\/IMG_2396-300x225.jpg\" sizes=\"auto, (max-width: 300px) 100vw, 300px\" srcset=\"https:\/\/ecole-ste-anne-asserac.fr\/wp-content\/uploads\/2018\/05\/IMG_2396-300x225.jpg 300w, https:\/\/ecole-ste-anne-asserac.fr\/wp-content\/uploads\/2018\/05\/IMG_2396-768x575.jpg 768w, https:\/\/ecole-ste-anne-asserac.fr\/wp-content\/uploads\/2018\/05\/IMG_2396-600x449.jpg 600w, https:\/\/ecole-ste-anne-asserac.fr\/wp-content\/uploads\/2018\/05\/IMG_2396.jpg 824w\" alt=\"\" width=\"300\" height=\"225\"><\/a><a href=\"http:\/\/ecole-ste-anne-asserac.fr\/wp-content\/uploads\/2018\/05\/IMG_2409.jpg\"><img loading=\"lazy\" decoding=\"async\" class=\"aligncenter size-medium wp-image-2481\" src=\"http:\/\/ecole-ste-anne-asserac.fr\/wp-content\/uploads\/2018\/05\/IMG_2409-300x225.jpg\" sizes=\"auto, (max-width: 300px) 100vw, 300px\" srcset=\"https:\/\/ecole-ste-anne-asserac.fr\/wp-content\/uploads\/2018\/05\/IMG_2409-300x225.jpg 300w, https:\/\/ecole-ste-anne-asserac.fr\/wp-content\/uploads\/2018\/05\/IMG_2409-768x575.jpg 768w, https:\/\/ecole-ste-anne-asserac.fr\/wp-content\/uploads\/2018\/05\/IMG_2409-600x449.jpg 600w, https:\/\/ecole-ste-anne-asserac.fr\/wp-content\/uploads\/2018\/05\/IMG_2409.jpg 824w\" alt=\"\" width=\"300\" height=\"225\"><\/a><\/p>\n<p><a href=\"http:\/\/ecole-ste-anne-asserac.fr\/wp-content\/uploads\/2018\/05\/IMG_2421-1-e1528288089151.jpg\"><img loading=\"lazy\" decoding=\"async\" class=\"aligncenter size-medium wp-image-2484\" src=\"http:\/\/ecole-ste-anne-asserac.fr\/wp-content\/uploads\/2018\/05\/IMG_2421-1-e1528288089151-225x300.jpg\" sizes=\"auto, (max-width: 225px) 100vw, 225px\" srcset=\"https:\/\/ecole-ste-anne-asserac.fr\/wp-content\/uploads\/2018\/05\/IMG_2421-1-e1528288089151-225x300.jpg 225w, https:\/\/ecole-ste-anne-asserac.fr\/wp-content\/uploads\/2018\/05\/IMG_2421-1-e1528288089151-600x801.jpg 600w, https:\/\/ecole-ste-anne-asserac.fr\/wp-content\/uploads\/2018\/05\/IMG_2421-1-e1528288089151.jpg 617w\" alt=\"\" width=\"225\" height=\"300\"><\/a><\/p>\n<p>Ce label r\u00e9compense les actions internationales v\u00e9cues depuis plusieurs ann\u00e9es au sein de l\u2019\u00e9cole selon 4 axes :<\/p>\n<ul>\n<li>Vivre l\u2019ouverture au monde dans sa diversit\u00e9, dimension humaine et spirituelle<\/li>\n<li>D\u00e9velopper l\u2019apprentissage des langues, les mobilit\u00e9s des \u00e9l\u00e8ves et les relations internationales<\/li>\n<li>Favoriser l\u2019accueil des personnes, de leurs id\u00e9es et de leurs cultures<\/li>\n<li>Soutenir la formation pour tous et accompagner les personnels dans la d\u00e9marche d\u2019ouverture \u00e0 l\u2019international.<\/li>\n<\/ul>\n<p>Durant l\u2019<strong>ann\u00e9e scolaire 2018\/2019<\/strong>, des actions concr\u00e8tes ont vu le jour pour renforcer cette ouverture, dont l\u2019\u00e9change avec le lyc\u00e9e Charles P\u00e9guy de Gorges, lui aussi labellis\u00e9. Symboliquement, pour la <strong>journ\u00e9e de l\u2019Europe du 9 Mai 2019<\/strong>, de jeunes lyc\u00e9ens su\u00e9dois, br\u00e9siliens, am\u00e9ricains et japonais ont \u00e9t\u00e9 accueillis \u00e0 Ass\u00e9rac.<img loading=\"lazy\" decoding=\"async\" class=\"aligncenter size-medium wp-image-3037\" src=\"http:\/\/ecole-ste-anne-asserac.fr\/wp-content\/uploads\/2019\/05\/P5090437-300x225.jpg\" sizes=\"auto, (max-width: 300px) 100vw, 300px\" srcset=\"https:\/\/ecole-ste-anne-asserac.fr\/wp-content\/uploads\/2019\/05\/P5090437-300x225.jpg 300w, https:\/\/ecole-ste-anne-asserac.fr\/wp-content\/uploads\/2019\/05\/P5090437-768x576.jpg 768w, https:\/\/ecole-ste-anne-asserac.fr\/wp-content\/uploads\/2019\/05\/P5090437-1024x768.jpg 1024w, https:\/\/ecole-ste-anne-asserac.fr\/wp-content\/uploads\/2019\/05\/P5090437-600x450.jpg 600w, https:\/\/ecole-ste-anne-asserac.fr\/wp-content\/uploads\/2019\/05\/P5090437.jpg 2048w\" alt=\"\" width=\"300\" height=\"225\"><\/p>\n<p>&nbsp;<\/p>\n<p>Le <a href=\"https:\/\/youtu.be\/Dyym6E59AtY\">Label \u00ab\u00a0Ouverture \u00e0 l&rsquo;International\u00a0\u00bb<\/a> de l&rsquo;enseignement catholique est devenu <a href=\"https:\/\/app.frame.io\/presentations\/ba03fbe4-da1d-4830-8c06-51739b092bd4\">national<\/a> \u00e0 la rentr\u00e9e de <strong>septembre 2021<\/strong>. Un nouveau logo est cr\u00e9\u00e9 \u00e0 cette occasion :<\/p>\n<p><img loading=\"lazy\" decoding=\"async\" class=\"size-full wp-image-4628 aligncenter\" src=\"http:\/\/ecole-ste-anne-asserac.fr\/wp-content\/uploads\/2021\/11\/EXE_LOGO_LABEL.png\" alt=\"\" width=\"283\" height=\"102\"><\/p>\n<p style=\"text-align: center;\">********<\/p>\n<p>Apr\u00e8s la p\u00e9riode COVID o\u00f9 tous les d\u00e9placements li\u00e9s \u00e0 l&rsquo;International se sont arr\u00eat\u00e9s, un voyage en Belgique pour les enfants de cycle 3 a \u00e9t\u00e9 organis\u00e9 en <strong>novembre 2021<\/strong> pour vivre l&rsquo;Europe de l&rsquo;int\u00e9rieur !<\/p>\n<p>&nbsp; &nbsp; &nbsp; &nbsp; &nbsp; &nbsp; &nbsp; &nbsp; &nbsp;<img loading=\"lazy\" decoding=\"async\" class=\"alignnone wp-image-4649\" src=\"http:\/\/ecole-ste-anne-asserac.fr\/wp-content\/uploads\/2021\/11\/photo-devant-le-parlement-Bruxelles.jpg\" alt=\"\" width=\"219\" height=\"210\"> <img loading=\"lazy\" decoding=\"async\" class=\"alignnone wp-image-4645\" src=\"http:\/\/ecole-ste-anne-asserac.fr\/wp-content\/uploads\/2021\/11\/IMG_6970-225x300.jpg\" alt=\"\" width=\"136\" height=\"130\">&nbsp;<a href=\"http:\/\/ecole-ste-anne-asserac.fr\/wp-content\/uploads\/2021\/11\/IMG_6913.jpg\"><img loading=\"lazy\" decoding=\"async\" class=\"alignnone size-medium wp-image-4643\" src=\"http:\/\/ecole-ste-anne-asserac.fr\/wp-content\/uploads\/2021\/11\/IMG_6913-300x225.jpg\" alt=\"\" width=\"300\" height=\"225\" srcset=\"https:\/\/ecole-ste-anne-asserac.fr\/wp-content\/uploads\/2021\/11\/IMG_6913-300x225.jpg 300w, https:\/\/ecole-ste-anne-asserac.fr\/wp-content\/uploads\/2021\/11\/IMG_6913-1024x768.jpg 1024w, https:\/\/ecole-ste-anne-asserac.fr\/wp-content\/uploads\/2021\/11\/IMG_6913-768x576.jpg 768w, https:\/\/ecole-ste-anne-asserac.fr\/wp-content\/uploads\/2021\/11\/IMG_6913-600x450.jpg 600w, https:\/\/ecole-ste-anne-asserac.fr\/wp-content\/uploads\/2021\/11\/IMG_6913-1536x1152.jpg 1536w, https:\/\/ecole-ste-anne-asserac.fr\/wp-content\/uploads\/2021\/11\/IMG_6913.jpg 1920w\" sizes=\"auto, (max-width: 300px) 100vw, 300px\" \/><\/a><\/p>\n<p>&nbsp; &nbsp; &nbsp; &nbsp; &nbsp; &nbsp; &nbsp; &nbsp; &nbsp; &nbsp; &nbsp; &nbsp; &nbsp; &nbsp; &nbsp; &nbsp; &nbsp; &nbsp; &nbsp; &nbsp; &nbsp; &nbsp; &nbsp; &nbsp; &nbsp; &nbsp; &nbsp; <em>Au Parlement europ\u00e9en, \u00e0 Gand, devant l&rsquo;Atomium<\/em><\/p>\n<p>En <strong>Mai 2022<\/strong>, la Journ\u00e9e Internationale avec le lyc\u00e9e de Gorges nous a fait rencontrer cette fois des lyc\u00e9ens et \u00e9tudiants espagnol, allemand, colombiens, tha\u00eflandais&#8230; Un moment de partage appr\u00e9ci\u00e9 par tous !<\/p>\n<p><img loading=\"lazy\" decoding=\"async\" class=\"size-medium wp-image-4994 aligncenter\" src=\"http:\/\/ecole-ste-anne-asserac.fr\/wp-content\/uploads\/2022\/09\/20220519_151354-300x225.jpg\" alt=\"\" width=\"300\" height=\"225\" srcset=\"https:\/\/ecole-ste-anne-asserac.fr\/wp-content\/uploads\/2022\/09\/20220519_151354-300x225.jpg 300w, https:\/\/ecole-ste-anne-asserac.fr\/wp-content\/uploads\/2022\/09\/20220519_151354-1024x768.jpg 1024w, https:\/\/ecole-ste-anne-asserac.fr\/wp-content\/uploads\/2022\/09\/20220519_151354-768x576.jpg 768w, https:\/\/ecole-ste-anne-asserac.fr\/wp-content\/uploads\/2022\/09\/20220519_151354-600x450.jpg 600w, https:\/\/ecole-ste-anne-asserac.fr\/wp-content\/uploads\/2022\/09\/20220519_151354-1536x1152.jpg 1536w, https:\/\/ecole-ste-anne-asserac.fr\/wp-content\/uploads\/2022\/09\/20220519_151354.jpg 1920w\" sizes=\"auto, (max-width: 300px) 100vw, 300px\" \/><\/p>\n<p>&nbsp;<\/p>\n<p><strong>Juin 2023<\/strong>, l&rsquo;ensemble des \u00e9tablissements labellis\u00e9s \u00a0\u00bb Ouverture internationale\u00a0\u00bb est invit\u00e9 \u00e0 l&rsquo;H\u00f4tel de r\u00e9gion \u00e0 Nantes, en pr\u00e9sence de Monsieur Dejoie, Pr\u00e9sident de la commission sur les Affaires europ\u00e9ennes.<\/p>\n<p><a href=\"http:\/\/ecole-ste-anne-asserac.fr\/wp-content\/uploads\/2023\/07\/IMG_20230606_184651-1-scaled.jpg\"><img loading=\"lazy\" decoding=\"async\" class=\"alignnone size-medium wp-image-5810\" src=\"http:\/\/ecole-ste-anne-asserac.fr\/wp-content\/uploads\/2023\/07\/IMG_20230606_184651-1-300x225.jpg\" alt=\"\" width=\"300\" height=\"225\" srcset=\"https:\/\/ecole-ste-anne-asserac.fr\/wp-content\/uploads\/2023\/07\/IMG_20230606_184651-1-300x225.jpg 300w, https:\/\/ecole-ste-anne-asserac.fr\/wp-content\/uploads\/2023\/07\/IMG_20230606_184651-1-1024x768.jpg 1024w, https:\/\/ecole-ste-anne-asserac.fr\/wp-content\/uploads\/2023\/07\/IMG_20230606_184651-1-768x576.jpg 768w, https:\/\/ecole-ste-anne-asserac.fr\/wp-content\/uploads\/2023\/07\/IMG_20230606_184651-1-600x450.jpg 600w, https:\/\/ecole-ste-anne-asserac.fr\/wp-content\/uploads\/2023\/07\/IMG_20230606_184651-1-1536x1152.jpg 1536w, https:\/\/ecole-ste-anne-asserac.fr\/wp-content\/uploads\/2023\/07\/IMG_20230606_184651-1-2048x1536.jpg 2048w\" sizes=\"auto, (max-width: 300px) 100vw, 300px\" \/><\/a> &nbsp;<a href=\"http:\/\/ecole-ste-anne-asserac.fr\/wp-content\/uploads\/2023\/07\/HR3.jpg\"><img loading=\"lazy\" decoding=\"async\" class=\"alignnone size-medium wp-image-5808\" src=\"http:\/\/ecole-ste-anne-asserac.fr\/wp-content\/uploads\/2023\/07\/HR3-300x225.jpg\" alt=\"\" width=\"300\" height=\"225\" srcset=\"https:\/\/ecole-ste-anne-asserac.fr\/wp-content\/uploads\/2023\/07\/HR3-300x225.jpg 300w, https:\/\/ecole-ste-anne-asserac.fr\/wp-content\/uploads\/2023\/07\/HR3-600x451.jpg 600w, https:\/\/ecole-ste-anne-asserac.fr\/wp-content\/uploads\/2023\/07\/HR3.jpg 640w\" sizes=\"auto, (max-width: 300px) 100vw, 300px\" \/><\/a> <a href=\"http:\/\/ecole-ste-anne-asserac.fr\/wp-content\/uploads\/2023\/07\/IMG_1564-1-scaled.jpg\"><img loading=\"lazy\" decoding=\"async\" class=\"alignnone size-medium wp-image-5809\" src=\"http:\/\/ecole-ste-anne-asserac.fr\/wp-content\/uploads\/2023\/07\/IMG_1564-1-300x200.jpg\" alt=\"\" width=\"300\" height=\"200\" srcset=\"https:\/\/ecole-ste-anne-asserac.fr\/wp-content\/uploads\/2023\/07\/IMG_1564-1-300x200.jpg 300w, https:\/\/ecole-ste-anne-asserac.fr\/wp-content\/uploads\/2023\/07\/IMG_1564-1-1024x683.jpg 1024w, https:\/\/ecole-ste-anne-asserac.fr\/wp-content\/uploads\/2023\/07\/IMG_1564-1-768x512.jpg 768w, https:\/\/ecole-ste-anne-asserac.fr\/wp-content\/uploads\/2023\/07\/IMG_1564-1-600x400.jpg 600w, https:\/\/ecole-ste-anne-asserac.fr\/wp-content\/uploads\/2023\/07\/IMG_1564-1-1536x1024.jpg 1536w, https:\/\/ecole-ste-anne-asserac.fr\/wp-content\/uploads\/2023\/07\/IMG_1564-1-2048x1365.jpg 2048w, https:\/\/ecole-ste-anne-asserac.fr\/wp-content\/uploads\/2023\/07\/IMG_1564-1-272x182.jpg 272w\" sizes=\"auto, (max-width: 300px) 100vw, 300px\" \/><\/a><\/p>\n<p>Un temps fort pour t\u00e9moigner de ce qui se vit \u00e0 l&rsquo;\u00e9cole, avec les enfants, pour d\u00e9velopper leur citoyennet\u00e9 europ\u00e9enne.<\/p>\n","protected":false},"excerpt":{"rendered":"<p>En Avril 2018, l\u2019\u00e9cole Ste Anne a re\u00e7u le label \u00ab Etablissement international \u00bb du Directeur Dioc\u00e9sain .Cette plaque a ensuite \u00e9t\u00e9 inaugur\u00e9e d\u00e9but Juin, \u00e0 l\u2019\u00e9cole, avec tous les enfants et parents : Hymne europ\u00e9en, chants et sayn\u00e8tes en anglais avaient \u00e9t\u00e9 travaill\u00e9s avec les enfants tout au long de l\u2019ann\u00e9e. Ce label r\u00e9compense<\/p>\n<p><a href=\"https:\/\/ecole-ste-anne-asserac.fr\/?page_id=4203\" class=\"more-link themebutton\">Lire la suite<\/a><\/p>\n","protected":false},"author":3,"featured_media":0,"parent":2765,"menu_order":0,"comment_status":"closed","ping_status":"closed","template":"","meta":{"ngg_post_thumbnail":0,"footnotes":""},"class_list":["post-4203","page","type-page","status-publish","hentry"],"_links":{"self":[{"href":"https:\/\/ecole-ste-anne-asserac.fr\/index.php?rest_route=\/wp\/v2\/pages\/4203","targetHints":{"allow":["GET"]}}],"collection":[{"href":"https:\/\/ecole-ste-anne-asserac.fr\/index.php?rest_route=\/wp\/v2\/pages"}],"about":[{"href":"https:\/\/ecole-ste-anne-asserac.fr\/index.php?rest_route=\/wp\/v2\/types\/page"}],"author":[{"embeddable":true,"href":"https:\/\/ecole-ste-anne-asserac.fr\/index.php?rest_route=\/wp\/v2\/users\/3"}],"replies":[{"embeddable":true,"href":"https:\/\/ecole-ste-anne-asserac.fr\/index.php?rest_route=%2Fwp%2Fv2%2Fcomments&post=4203"}],"version-history":[{"count":9,"href":"https:\/\/ecole-ste-anne-asserac.fr\/index.php?rest_route=\/wp\/v2\/pages\/4203\/revisions"}],"predecessor-version":[{"id":5823,"href":"https:\/\/ecole-ste-anne-asserac.fr\/index.php?rest_route=\/wp\/v2\/pages\/4203\/revisions\/5823"}],"up":[{"embeddable":true,"href":"https:\/\/ecole-ste-anne-asserac.fr\/index.php?rest_route=\/wp\/v2\/pages\/2765"}],"wp:attachment":[{"href":"https:\/\/ecole-ste-anne-asserac.fr\/index.php?rest_route=%2Fwp%2Fv2%2Fmedia&parent=4203"}],"curies":[{"name":"wp","href":"https:\/\/api.w.org\/{rel}","templated":true}]}}