{"id":4215,"date":"2021-06-05T22:18:32","date_gmt":"2021-06-05T21:18:32","guid":{"rendered":"http:\/\/ecole-ste-anne-asserac.fr\/?page_id=4215"},"modified":"2024-05-14T22:13:27","modified_gmt":"2024-05-14T20:13:27","slug":"erasmus","status":"publish","type":"page","link":"https:\/\/ecole-ste-anne-asserac.fr\/?page_id=4215","title":{"rendered":"Erasmus +"},"content":{"rendered":"<p><img loading=\"lazy\" decoding=\"async\" class=\"aligncenter size-medium wp-image-2839\" src=\"http:\/\/ecole-ste-anne-asserac.fr\/wp-content\/uploads\/2019\/01\/ERASMUS-logo-300x86.png\" alt=\"\" width=\"300\" height=\"86\" srcset=\"https:\/\/ecole-ste-anne-asserac.fr\/wp-content\/uploads\/2019\/01\/ERASMUS-logo-300x86.png 300w, https:\/\/ecole-ste-anne-asserac.fr\/wp-content\/uploads\/2019\/01\/ERASMUS-logo.png 420w\" sizes=\"auto, (max-width: 300px) 100vw, 300px\" \/><\/p>\n<p align=\"LEFT\"><span style=\"color: #222222;\"><span style=\"font-family: Times New Roman, serif;\"><span style=\"font-size: medium;\">Le programme Erasmus + est un programme d&rsquo;\u00e9change d&rsquo;\u00e9tudiants et d&rsquo;enseignants entre les universit\u00e9s, les grandes \u00e9coles <strong>mais aussi les \u00e9coles maternelles et primaires \u00e0 travers l&rsquo;Europe enti\u00e8re<\/strong>. E<\/span><\/span><\/span><span style=\"color: #000000;\"><span style=\"font-family: Times New Roman, serif;\"><span style=\"font-size: medium;\">n Octobre 2017, Erasmus a f\u00eat\u00e9 ses 30 ans !<\/span><\/span><\/span><\/p>\n<p align=\"LEFT\"><a href=\"http:\/\/ecole-ste-anne-asserac.fr\/wp-content\/uploads\/2019\/01\/logo-Erasmus-day-2018.jpg\"><img loading=\"lazy\" decoding=\"async\" class=\"aligncenter size-full wp-image-2842\" src=\"http:\/\/ecole-ste-anne-asserac.fr\/wp-content\/uploads\/2019\/01\/logo-Erasmus-day-2018.jpg\" alt=\"\" width=\"267\" height=\"188\"><\/a><\/p>\n<p align=\"LEFT\"><span style=\"color: #000000;\"><span style=\"font-family: Times New Roman, serif;\"><span style=\"font-size: medium;\">Aussi, en tant qu&rsquo;\u00e9tablissement labellis\u00e9 \u00ab&nbsp;International&nbsp;\u00bb, l&rsquo;\u00e9cole Sainte Anne a voulu marquer cet \u00e9v\u00e9nement en r\u00e9alisant des recettes des pays avec lesquels les classes correspondent. Les enfants ont ainsi pris un petit-<\/span><\/span><\/span><span style=\"color: #000000;\"><span style=\"font-family: Times New Roman, serif;\"><span style=\"font-size: medium;\">d\u00e9jeuner anglais, r\u00e9alis\u00e9 par les \u00e9l\u00e8ves de CE2-CM1&nbsp;; les autres classes ont ensuite cuisin\u00e9 des recettes italiennes, espagnoles, britanniques et polonaises. Tous les enfants ont appr\u00e9ci\u00e9 la d\u00e9gustation&nbsp;!<\/span><\/span><\/span><\/p>\n<p align=\"LEFT\"><a href=\"http:\/\/ecole-ste-anne-asserac.fr\/wp-content\/uploads\/2019\/01\/PA180219.jpg\"><img loading=\"lazy\" decoding=\"async\" class=\"aligncenter size-medium wp-image-2841\" src=\"http:\/\/ecole-ste-anne-asserac.fr\/wp-content\/uploads\/2019\/01\/PA180219-225x300.jpg\" alt=\"\" width=\"225\" height=\"300\" srcset=\"https:\/\/ecole-ste-anne-asserac.fr\/wp-content\/uploads\/2019\/01\/PA180219-225x300.jpg 225w, https:\/\/ecole-ste-anne-asserac.fr\/wp-content\/uploads\/2019\/01\/PA180219-768x1024.jpg 768w, https:\/\/ecole-ste-anne-asserac.fr\/wp-content\/uploads\/2019\/01\/PA180219-600x800.jpg 600w, https:\/\/ecole-ste-anne-asserac.fr\/wp-content\/uploads\/2019\/01\/PA180219.jpg 1536w\" sizes=\"auto, (max-width: 225px) 100vw, 225px\" \/><\/a><\/p>\n<p align=\"LEFT\"><span style=\"color: #000000;\"><span style=\"font-family: Times New Roman, serif;\"><span style=\"font-size: medium;\">Les \u00e9changes ne s&rsquo;arr\u00eatent pas au domaine culinaire dans les classes&nbsp;; ils se font tout au long de l&rsquo;ann\u00e9e. C&rsquo;est une ouverture sur le monde, un apprentissage de la citoyennet\u00e9 europ\u00e9enne &#8230;<\/span><\/span><\/span><\/p>\n<p align=\"LEFT\">Avec Erasmus, des mobilit\u00e9s peuvent \u00eatre organis\u00e9es. Ainsi , en <strong>F\u00e9vrier 2019<\/strong>, l&rsquo;ensemble de l&rsquo;\u00e9quipe enseignante est partie une semaine en formation linguistique \u00e0 Dublin.<a href=\"http:\/\/ecole-ste-anne-asserac.fr\/wp-content\/uploads\/2019\/02\/a\u00e9roport-Nantes.jpg\"><img loading=\"lazy\" decoding=\"async\" class=\"aligncenter size-medium wp-image-2875\" src=\"http:\/\/ecole-ste-anne-asserac.fr\/wp-content\/uploads\/2019\/02\/a\u00e9roport-Nantes-300x225.jpg\" alt=\"\" width=\"300\" height=\"225\" srcset=\"https:\/\/ecole-ste-anne-asserac.fr\/wp-content\/uploads\/2019\/02\/a\u00e9roport-Nantes-300x225.jpg 300w, https:\/\/ecole-ste-anne-asserac.fr\/wp-content\/uploads\/2019\/02\/a\u00e9roport-Nantes-768x576.jpg 768w, https:\/\/ecole-ste-anne-asserac.fr\/wp-content\/uploads\/2019\/02\/a\u00e9roport-Nantes-1024x768.jpg 1024w, https:\/\/ecole-ste-anne-asserac.fr\/wp-content\/uploads\/2019\/02\/a\u00e9roport-Nantes-600x450.jpg 600w, https:\/\/ecole-ste-anne-asserac.fr\/wp-content\/uploads\/2019\/02\/a\u00e9roport-Nantes.jpg 1249w\" sizes=\"auto, (max-width: 300px) 100vw, 300px\" \/><\/a><\/p>\n<p align=\"LEFT\"><img loading=\"lazy\" decoding=\"async\" class=\"aligncenter wp-image-2876 size-medium\" src=\"http:\/\/ecole-ste-anne-asserac.fr\/wp-content\/uploads\/2019\/02\/Hall-ISI-School-e1550503448945-225x300.jpg\" alt=\"\" width=\"225\" height=\"300\" srcset=\"https:\/\/ecole-ste-anne-asserac.fr\/wp-content\/uploads\/2019\/02\/Hall-ISI-School-e1550503448945-225x300.jpg 225w, https:\/\/ecole-ste-anne-asserac.fr\/wp-content\/uploads\/2019\/02\/Hall-ISI-School-e1550503448945-768x1024.jpg 768w, https:\/\/ecole-ste-anne-asserac.fr\/wp-content\/uploads\/2019\/02\/Hall-ISI-School-e1550503448945-600x800.jpg 600w, https:\/\/ecole-ste-anne-asserac.fr\/wp-content\/uploads\/2019\/02\/Hall-ISI-School-e1550503448945.jpg 938w\" sizes=\"auto, (max-width: 225px) 100vw, 225px\" \/><\/p>\n<p style=\"text-align: center;\" align=\"LEFT\">Cours d&rsquo;anglais \u00e0 <a href=\"https:\/\/studyinireland.ie\/en\">ISI School de Dublin<\/a><\/p>\n<p align=\"LEFT\"><a href=\"http:\/\/ecole-ste-anne-asserac.fr\/wp-content\/uploads\/2019\/02\/In-the-classroom.jpg\"><img loading=\"lazy\" decoding=\"async\" class=\"aligncenter size-medium wp-image-2877\" src=\"http:\/\/ecole-ste-anne-asserac.fr\/wp-content\/uploads\/2019\/02\/In-the-classroom-300x225.jpg\" alt=\"\" width=\"300\" height=\"225\" srcset=\"https:\/\/ecole-ste-anne-asserac.fr\/wp-content\/uploads\/2019\/02\/In-the-classroom-300x225.jpg 300w, https:\/\/ecole-ste-anne-asserac.fr\/wp-content\/uploads\/2019\/02\/In-the-classroom-768x576.jpg 768w, https:\/\/ecole-ste-anne-asserac.fr\/wp-content\/uploads\/2019\/02\/In-the-classroom-1024x768.jpg 1024w, https:\/\/ecole-ste-anne-asserac.fr\/wp-content\/uploads\/2019\/02\/In-the-classroom-600x450.jpg 600w, https:\/\/ecole-ste-anne-asserac.fr\/wp-content\/uploads\/2019\/02\/In-the-classroom.jpg 1250w\" sizes=\"auto, (max-width: 300px) 100vw, 300px\" \/><\/a>Une occasion pour faire des rencontres \u00ab\u00a0internationales\u00a0\u00bb, d&rsquo;\u00e9changer sur les cultures et pays de chacun&#8230;et d&rsquo;am\u00e9liorer les conversations en anglais !<\/p>\n<p align=\"LEFT\"><strong>Octobre 2022<\/strong> : Une mobilit\u00e9 en Italie pour 4 enseignantes de l&rsquo;\u00e9cole, plusieurs fois report\u00e9e du fait des conditions sanitaires, pour d\u00e9couvrir le syst\u00e8me \u00e9ducatif italien et en particulier l&rsquo;inclusion des enfants \u00e0 besoins particuliers.<\/p>\n<p align=\"LEFT\"><img loading=\"lazy\" decoding=\"async\" class=\"size-medium wp-image-5208 aligncenter\" src=\"http:\/\/ecole-ste-anne-asserac.fr\/wp-content\/uploads\/2022\/10\/IMG-20221023-WA0043-300x225.jpg\" alt=\"\" width=\"300\" height=\"225\" srcset=\"https:\/\/ecole-ste-anne-asserac.fr\/wp-content\/uploads\/2022\/10\/IMG-20221023-WA0043-300x225.jpg 300w, https:\/\/ecole-ste-anne-asserac.fr\/wp-content\/uploads\/2022\/10\/IMG-20221023-WA0043-1024x768.jpg 1024w, https:\/\/ecole-ste-anne-asserac.fr\/wp-content\/uploads\/2022\/10\/IMG-20221023-WA0043-768x576.jpg 768w, https:\/\/ecole-ste-anne-asserac.fr\/wp-content\/uploads\/2022\/10\/IMG-20221023-WA0043-600x450.jpg 600w, https:\/\/ecole-ste-anne-asserac.fr\/wp-content\/uploads\/2022\/10\/IMG-20221023-WA0043-1536x1152.jpg 1536w, https:\/\/ecole-ste-anne-asserac.fr\/wp-content\/uploads\/2022\/10\/IMG-20221023-WA0043.jpg 1600w\" sizes=\"auto, (max-width: 300px) 100vw, 300px\" \/><\/p>\n<p style=\"text-align: center;\" align=\"LEFT\"><a href=\"http:\/\/ecole-ste-anne-asserac.fr\/wp-content\/uploads\/2022\/10\/IMG-20221026-WA0064.jpg\"><img loading=\"lazy\" decoding=\"async\" class=\"alignnone size-medium wp-image-5205\" src=\"http:\/\/ecole-ste-anne-asserac.fr\/wp-content\/uploads\/2022\/10\/IMG-20221026-WA0064-300x225.jpg\" alt=\"\" width=\"300\" height=\"225\" srcset=\"https:\/\/ecole-ste-anne-asserac.fr\/wp-content\/uploads\/2022\/10\/IMG-20221026-WA0064-300x225.jpg 300w, https:\/\/ecole-ste-anne-asserac.fr\/wp-content\/uploads\/2022\/10\/IMG-20221026-WA0064-1024x768.jpg 1024w, https:\/\/ecole-ste-anne-asserac.fr\/wp-content\/uploads\/2022\/10\/IMG-20221026-WA0064-768x576.jpg 768w, https:\/\/ecole-ste-anne-asserac.fr\/wp-content\/uploads\/2022\/10\/IMG-20221026-WA0064-600x450.jpg 600w, https:\/\/ecole-ste-anne-asserac.fr\/wp-content\/uploads\/2022\/10\/IMG-20221026-WA0064-1536x1152.jpg 1536w, https:\/\/ecole-ste-anne-asserac.fr\/wp-content\/uploads\/2022\/10\/IMG-20221026-WA0064.jpg 1600w\" sizes=\"auto, (max-width: 300px) 100vw, 300px\" \/><\/a>&nbsp; &nbsp; &nbsp; &nbsp; &nbsp; &nbsp; &nbsp; &nbsp; &nbsp; <img loading=\"lazy\" decoding=\"async\" class=\"alignnone size-medium wp-image-5207\" src=\"http:\/\/ecole-ste-anne-asserac.fr\/wp-content\/uploads\/2022\/10\/IMG-20221024-WA0053-225x300.jpg\" alt=\"\" width=\"225\" height=\"300\" srcset=\"https:\/\/ecole-ste-anne-asserac.fr\/wp-content\/uploads\/2022\/10\/IMG-20221024-WA0053-225x300.jpg 225w, https:\/\/ecole-ste-anne-asserac.fr\/wp-content\/uploads\/2022\/10\/IMG-20221024-WA0053-768x1024.jpg 768w, https:\/\/ecole-ste-anne-asserac.fr\/wp-content\/uploads\/2022\/10\/IMG-20221024-WA0053-600x800.jpg 600w, https:\/\/ecole-ste-anne-asserac.fr\/wp-content\/uploads\/2022\/10\/IMG-20221024-WA0053-1152x1536.jpg 1152w, https:\/\/ecole-ste-anne-asserac.fr\/wp-content\/uploads\/2022\/10\/IMG-20221024-WA0053.jpg 1200w\" sizes=\"auto, (max-width: 225px) 100vw, 225px\" \/>&nbsp; &nbsp; &nbsp; &nbsp; &nbsp; &nbsp; &nbsp;<img loading=\"lazy\" decoding=\"async\" class=\"alignnone size-medium wp-image-5206\" src=\"http:\/\/ecole-ste-anne-asserac.fr\/wp-content\/uploads\/2022\/10\/20221027_091607-300x169.jpg\" alt=\"\" width=\"300\" height=\"169\" srcset=\"https:\/\/ecole-ste-anne-asserac.fr\/wp-content\/uploads\/2022\/10\/20221027_091607-300x169.jpg 300w, https:\/\/ecole-ste-anne-asserac.fr\/wp-content\/uploads\/2022\/10\/20221027_091607-1024x577.jpg 1024w, https:\/\/ecole-ste-anne-asserac.fr\/wp-content\/uploads\/2022\/10\/20221027_091607-768x432.jpg 768w, https:\/\/ecole-ste-anne-asserac.fr\/wp-content\/uploads\/2022\/10\/20221027_091607-600x338.jpg 600w, https:\/\/ecole-ste-anne-asserac.fr\/wp-content\/uploads\/2022\/10\/20221027_091607-1536x865.jpg 1536w, https:\/\/ecole-ste-anne-asserac.fr\/wp-content\/uploads\/2022\/10\/20221027_091607-2048x1153.jpg 2048w\" sizes=\"auto, (max-width: 300px) 100vw, 300px\" \/><\/p>\n<p style=\"text-align: center;\" align=\"LEFT\">L&rsquo;<a href=\"https:\/\/www.comprensivocolleferro1.it\/\">ICS Margherita Hack<\/a> nous accueille pour une semaine dans les classes, avec des \u00e9l\u00e8ves de la maternelle \u00e0 la 3\u00e8me.<\/p>\n<p align=\"LEFT\">&nbsp;<\/p>\n<p align=\"LEFT\"><em><strong>D\u00e9cembre 2022<\/strong><\/em> &#8211; Echange retour : 3 coll\u00e8gues italiennes de Colleferro sont accueillies dans notre \u00e9cole.<\/p>\n<p align=\"LEFT\"><a href=\"http:\/\/ecole-ste-anne-asserac.fr\/wp-content\/uploads\/2022\/12\/20221204_184959-scaled.jpg\"><img loading=\"lazy\" decoding=\"async\" class=\"alignnone size-medium wp-image-5357\" src=\"http:\/\/ecole-ste-anne-asserac.fr\/wp-content\/uploads\/2022\/12\/20221204_184959-300x169.jpg\" alt=\"\" width=\"300\" height=\"169\" srcset=\"https:\/\/ecole-ste-anne-asserac.fr\/wp-content\/uploads\/2022\/12\/20221204_184959-300x169.jpg 300w, https:\/\/ecole-ste-anne-asserac.fr\/wp-content\/uploads\/2022\/12\/20221204_184959-1024x577.jpg 1024w, https:\/\/ecole-ste-anne-asserac.fr\/wp-content\/uploads\/2022\/12\/20221204_184959-768x432.jpg 768w, https:\/\/ecole-ste-anne-asserac.fr\/wp-content\/uploads\/2022\/12\/20221204_184959-600x338.jpg 600w, https:\/\/ecole-ste-anne-asserac.fr\/wp-content\/uploads\/2022\/12\/20221204_184959-1536x865.jpg 1536w, https:\/\/ecole-ste-anne-asserac.fr\/wp-content\/uploads\/2022\/12\/20221204_184959-2048x1153.jpg 2048w\" sizes=\"auto, (max-width: 300px) 100vw, 300px\" \/><\/a> <a href=\"http:\/\/ecole-ste-anne-asserac.fr\/wp-content\/uploads\/2022\/12\/thumbnail_accueil-Italie.jpg\"><img loading=\"lazy\" decoding=\"async\" class=\"alignnone size-medium wp-image-5358\" src=\"http:\/\/ecole-ste-anne-asserac.fr\/wp-content\/uploads\/2022\/12\/thumbnail_accueil-Italie-300x195.jpg\" alt=\"\" width=\"300\" height=\"195\" srcset=\"https:\/\/ecole-ste-anne-asserac.fr\/wp-content\/uploads\/2022\/12\/thumbnail_accueil-Italie-300x195.jpg 300w, https:\/\/ecole-ste-anne-asserac.fr\/wp-content\/uploads\/2022\/12\/thumbnail_accueil-Italie-1024x664.jpg 1024w, https:\/\/ecole-ste-anne-asserac.fr\/wp-content\/uploads\/2022\/12\/thumbnail_accueil-Italie-768x498.jpg 768w, https:\/\/ecole-ste-anne-asserac.fr\/wp-content\/uploads\/2022\/12\/thumbnail_accueil-Italie-600x389.jpg 600w, https:\/\/ecole-ste-anne-asserac.fr\/wp-content\/uploads\/2022\/12\/thumbnail_accueil-Italie.jpg 1280w\" sizes=\"auto, (max-width: 300px) 100vw, 300px\" \/><\/a> <img loading=\"lazy\" decoding=\"async\" class=\"alignnone size-medium wp-image-5349\" src=\"http:\/\/ecole-ste-anne-asserac.fr\/wp-content\/uploads\/2022\/12\/319161152_659245382623284_5389259498693004998_n-300x169.jpg\" alt=\"\" width=\"300\" height=\"169\" srcset=\"https:\/\/ecole-ste-anne-asserac.fr\/wp-content\/uploads\/2022\/12\/319161152_659245382623284_5389259498693004998_n-300x169.jpg 300w, https:\/\/ecole-ste-anne-asserac.fr\/wp-content\/uploads\/2022\/12\/319161152_659245382623284_5389259498693004998_n-1024x576.jpg 1024w, https:\/\/ecole-ste-anne-asserac.fr\/wp-content\/uploads\/2022\/12\/319161152_659245382623284_5389259498693004998_n-768x432.jpg 768w, https:\/\/ecole-ste-anne-asserac.fr\/wp-content\/uploads\/2022\/12\/319161152_659245382623284_5389259498693004998_n-600x338.jpg 600w, https:\/\/ecole-ste-anne-asserac.fr\/wp-content\/uploads\/2022\/12\/319161152_659245382623284_5389259498693004998_n.jpg 1280w\" sizes=\"auto, (max-width: 300px) 100vw, 300px\" \/><\/p>\n<p align=\"LEFT\">Au programme de la semaine : D\u00e9couverte du syst\u00e8me \u00e9ducatif fran\u00e7ais, des pratiques p\u00e9dagogiques de notre \u00e9cole et de notre environnement, renforcement des projets eTwinning d\u00e9j\u00e0 mis en place.<\/p>\n<p align=\"LEFT\">&nbsp;<\/p>\n<p><iframe loading=\"lazy\" title=\"Mobilit\u00e9 Erasmus France\/Italie 2022\" width=\"1170\" height=\"658\" src=\"https:\/\/www.youtube.com\/embed\/ZhiPm4WTDTI?feature=oembed\" frameborder=\"0\" allow=\"accelerometer; autoplay; clipboard-write; encrypted-media; gyroscope; picture-in-picture; web-share\" referrerpolicy=\"strict-origin-when-cross-origin\" allowfullscreen><\/iframe><\/p>\n<p align=\"LEFT\">&nbsp;A l&rsquo;occasion de la journ\u00e9e de l&rsquo;Europe, le 9 Mai 2023, nous avons re\u00e7u une 2\u00e8me d\u00e9l\u00e9gation italienne avec les m\u00eames objectifs :<\/p>\n<p align=\"LEFT\"><strong><img loading=\"lazy\" decoding=\"async\" class=\"alignnone size-medium wp-image-5817\" src=\"http:\/\/ecole-ste-anne-asserac.fr\/wp-content\/uploads\/2023\/07\/IMG_20230509_091657-2-300x225.jpg\" alt=\"\" width=\"300\" height=\"225\" srcset=\"https:\/\/ecole-ste-anne-asserac.fr\/wp-content\/uploads\/2023\/07\/IMG_20230509_091657-2-300x225.jpg 300w, https:\/\/ecole-ste-anne-asserac.fr\/wp-content\/uploads\/2023\/07\/IMG_20230509_091657-2-1024x768.jpg 1024w, https:\/\/ecole-ste-anne-asserac.fr\/wp-content\/uploads\/2023\/07\/IMG_20230509_091657-2-768x576.jpg 768w, https:\/\/ecole-ste-anne-asserac.fr\/wp-content\/uploads\/2023\/07\/IMG_20230509_091657-2-600x450.jpg 600w, https:\/\/ecole-ste-anne-asserac.fr\/wp-content\/uploads\/2023\/07\/IMG_20230509_091657-2-1536x1152.jpg 1536w, https:\/\/ecole-ste-anne-asserac.fr\/wp-content\/uploads\/2023\/07\/IMG_20230509_091657-2-2048x1536.jpg 2048w\" sizes=\"auto, (max-width: 300px) 100vw, 300px\" \/> <a href=\"http:\/\/ecole-ste-anne-asserac.fr\/wp-content\/uploads\/2023\/07\/859DACFD-88AC-4906-96E9-AFD9B7B3E542-1-scaled.jpg\"><img loading=\"lazy\" decoding=\"async\" class=\"alignnone size-medium wp-image-5818\" src=\"http:\/\/ecole-ste-anne-asserac.fr\/wp-content\/uploads\/2023\/07\/859DACFD-88AC-4906-96E9-AFD9B7B3E542-1-300x225.jpg\" alt=\"\" width=\"300\" height=\"225\" srcset=\"https:\/\/ecole-ste-anne-asserac.fr\/wp-content\/uploads\/2023\/07\/859DACFD-88AC-4906-96E9-AFD9B7B3E542-1-300x225.jpg 300w, https:\/\/ecole-ste-anne-asserac.fr\/wp-content\/uploads\/2023\/07\/859DACFD-88AC-4906-96E9-AFD9B7B3E542-1-1024x768.jpg 1024w, https:\/\/ecole-ste-anne-asserac.fr\/wp-content\/uploads\/2023\/07\/859DACFD-88AC-4906-96E9-AFD9B7B3E542-1-768x576.jpg 768w, https:\/\/ecole-ste-anne-asserac.fr\/wp-content\/uploads\/2023\/07\/859DACFD-88AC-4906-96E9-AFD9B7B3E542-1-600x450.jpg 600w, https:\/\/ecole-ste-anne-asserac.fr\/wp-content\/uploads\/2023\/07\/859DACFD-88AC-4906-96E9-AFD9B7B3E542-1-1536x1152.jpg 1536w, https:\/\/ecole-ste-anne-asserac.fr\/wp-content\/uploads\/2023\/07\/859DACFD-88AC-4906-96E9-AFD9B7B3E542-1-2048x1536.jpg 2048w\" sizes=\"auto, (max-width: 300px) 100vw, 300px\" \/><\/a> <a href=\"http:\/\/ecole-ste-anne-asserac.fr\/wp-content\/uploads\/2023\/07\/IMG_7366-scaled.jpg\"><img loading=\"lazy\" decoding=\"async\" class=\"alignnone size-medium wp-image-5819\" src=\"http:\/\/ecole-ste-anne-asserac.fr\/wp-content\/uploads\/2023\/07\/IMG_7366-300x225.jpg\" alt=\"\" width=\"300\" height=\"225\" srcset=\"https:\/\/ecole-ste-anne-asserac.fr\/wp-content\/uploads\/2023\/07\/IMG_7366-300x225.jpg 300w, https:\/\/ecole-ste-anne-asserac.fr\/wp-content\/uploads\/2023\/07\/IMG_7366-1024x768.jpg 1024w, https:\/\/ecole-ste-anne-asserac.fr\/wp-content\/uploads\/2023\/07\/IMG_7366-768x576.jpg 768w, https:\/\/ecole-ste-anne-asserac.fr\/wp-content\/uploads\/2023\/07\/IMG_7366-600x450.jpg 600w, https:\/\/ecole-ste-anne-asserac.fr\/wp-content\/uploads\/2023\/07\/IMG_7366-1536x1152.jpg 1536w, https:\/\/ecole-ste-anne-asserac.fr\/wp-content\/uploads\/2023\/07\/IMG_7366-2048x1536.jpg 2048w\" sizes=\"auto, (max-width: 300px) 100vw, 300px\" \/><\/a>&nbsp; &nbsp; &nbsp; &nbsp; &nbsp; &nbsp; &nbsp; &nbsp; &nbsp; &nbsp; &nbsp; &nbsp; &nbsp; &nbsp; &nbsp; &nbsp; &nbsp; &nbsp; &nbsp; &nbsp; &nbsp; &nbsp; &nbsp; &nbsp; &nbsp; &nbsp; &nbsp; &nbsp; &nbsp; &nbsp; &nbsp; &nbsp; &nbsp; &nbsp; &nbsp; &nbsp; &nbsp; &nbsp; &nbsp; &nbsp; &nbsp; &nbsp; &nbsp; &nbsp; &nbsp; &nbsp; &nbsp; &nbsp; &nbsp; &nbsp; &nbsp; &nbsp; &nbsp; &nbsp;<\/strong><\/p>\n<p align=\"LEFT\"><strong>Du 7 au 12 avril 2024<\/strong>, les 42 \u00e9l\u00e8ves de CE2-CM1-CM2 ont v\u00e9cu une semaine incroyable lors de leur mobilit\u00e9 en Italie , o\u00f9 ils ont fait la connaissance de leurs correspondants de Colleferro : Travail en classe, jeux, chants, visites, atelier cuisine, sport&#8230;.<\/p>\n<p>&nbsp;<\/p>\n<div style=\"width: 1170px;\" class=\"wp-video\"><!--[if lt IE 9]><script>document.createElement('video');<\/script><![endif]-->\n<video class=\"wp-video-shortcode\" id=\"video-4215-1\" width=\"1170\" height=\"658\" preload=\"metadata\" controls=\"controls\"><source type=\"video\/mp4\" src=\"http:\/\/ecole-ste-anne-asserac.fr\/wp-content\/uploads\/2024\/05\/CE2-CM1-et-CM1-CM2-4.mp4?_=1\" \/><a href=\"http:\/\/ecole-ste-anne-asserac.fr\/wp-content\/uploads\/2024\/05\/CE2-CM1-et-CM1-CM2-4.mp4\">http:\/\/ecole-ste-anne-asserac.fr\/wp-content\/uploads\/2024\/05\/CE2-CM1-et-CM1-CM2-4.mp4<\/a><\/video><\/div>\n<p style=\"text-align: center;\" align=\"LEFT\"><strong>*********<\/strong><\/p>\n<p align=\"LEFT\">&nbsp;<\/p>\n<p style=\"text-align: center;\" align=\"LEFT\">&nbsp; &nbsp; &nbsp; &nbsp; <strong>&nbsp; Les Erasmusdays se succ\u00e8dent \u00e0 l&rsquo;\u00e9cole Sainte Anne &#8230;<\/strong><\/p>\n<p><a href=\"http:\/\/ecole-ste-anne-asserac.fr\/wp-content\/uploads\/2019\/10\/banni\u00e8re-Erasmus-day-2019.jpg\"><img loading=\"lazy\" decoding=\"async\" class=\"aligncenter size-medium wp-image-3349\" src=\"http:\/\/ecole-ste-anne-asserac.fr\/wp-content\/uploads\/2019\/10\/banni\u00e8re-Erasmus-day-2019-300x77.jpg\" alt=\"\" width=\"300\" height=\"77\" srcset=\"https:\/\/ecole-ste-anne-asserac.fr\/wp-content\/uploads\/2019\/10\/banni\u00e8re-Erasmus-day-2019-300x77.jpg 300w, https:\/\/ecole-ste-anne-asserac.fr\/wp-content\/uploads\/2019\/10\/banni\u00e8re-Erasmus-day-2019-768x198.jpg 768w, https:\/\/ecole-ste-anne-asserac.fr\/wp-content\/uploads\/2019\/10\/banni\u00e8re-Erasmus-day-2019-600x155.jpg 600w, https:\/\/ecole-ste-anne-asserac.fr\/wp-content\/uploads\/2019\/10\/banni\u00e8re-Erasmus-day-2019.jpg 970w\" sizes=\"auto, (max-width: 300px) 100vw, 300px\" \/><\/a><\/p>\n<p>En <strong>octobre 2019<\/strong>, recettes argentines, mexicaine, cubaine, antillaise et italienne cette fois pour f\u00eater l&rsquo;obtention d&rsquo;un prix national des anciens CM2.<\/p>\n<p>&nbsp; &nbsp; &nbsp; &nbsp; &nbsp; &nbsp; &nbsp; &nbsp; &nbsp; &nbsp; &nbsp; &nbsp; &nbsp; &nbsp; &nbsp; &nbsp; &nbsp; &nbsp; &nbsp; &nbsp; &nbsp; &nbsp; &nbsp; &nbsp; &nbsp; &nbsp; &nbsp; &nbsp; &nbsp; &nbsp; &nbsp; &nbsp; &nbsp; &nbsp; &nbsp; &nbsp; &nbsp; &nbsp; &nbsp; &nbsp; &nbsp; &nbsp; &nbsp; &nbsp; &nbsp; &nbsp; &nbsp; &nbsp; &nbsp; &nbsp; &nbsp; &nbsp; &nbsp; &nbsp; &nbsp;*****<\/p>\n<p><img loading=\"lazy\" decoding=\"async\" class=\"size-full wp-image-3700 aligncenter\" src=\"http:\/\/ecole-ste-anne-asserac.fr\/wp-content\/uploads\/2020\/10\/erasmus-days-2020.jpg\" alt=\"\" width=\"267\" height=\"189\"><\/p>\n<p style=\"text-align: center;\"><strong>Octobre 2020<\/strong>, chants anglais, recettes du monde anglophone et hispanophone cette fois !<img loading=\"lazy\" decoding=\"async\" class=\"size-medium wp-image-3701 aligncenter\" src=\"http:\/\/ecole-ste-anne-asserac.fr\/wp-content\/uploads\/2020\/10\/P1010937-300x225.jpg\" alt=\"\" width=\"300\" height=\"225\" srcset=\"https:\/\/ecole-ste-anne-asserac.fr\/wp-content\/uploads\/2020\/10\/P1010937-300x225.jpg 300w, https:\/\/ecole-ste-anne-asserac.fr\/wp-content\/uploads\/2020\/10\/P1010937-1024x768.jpg 1024w, https:\/\/ecole-ste-anne-asserac.fr\/wp-content\/uploads\/2020\/10\/P1010937-768x576.jpg 768w, https:\/\/ecole-ste-anne-asserac.fr\/wp-content\/uploads\/2020\/10\/P1010937-600x450.jpg 600w, https:\/\/ecole-ste-anne-asserac.fr\/wp-content\/uploads\/2020\/10\/P1010937-1536x1152.jpg 1536w, https:\/\/ecole-ste-anne-asserac.fr\/wp-content\/uploads\/2020\/10\/P1010937.jpg 1920w\" sizes=\"auto, (max-width: 300px) 100vw, 300px\" \/><img loading=\"lazy\" decoding=\"async\" class=\"size-medium wp-image-3702 aligncenter\" src=\"http:\/\/ecole-ste-anne-asserac.fr\/wp-content\/uploads\/2020\/10\/P1010941-300x225.jpg\" alt=\"\" width=\"300\" height=\"225\" srcset=\"https:\/\/ecole-ste-anne-asserac.fr\/wp-content\/uploads\/2020\/10\/P1010941-300x225.jpg 300w, https:\/\/ecole-ste-anne-asserac.fr\/wp-content\/uploads\/2020\/10\/P1010941-1024x768.jpg 1024w, https:\/\/ecole-ste-anne-asserac.fr\/wp-content\/uploads\/2020\/10\/P1010941-768x576.jpg 768w, https:\/\/ecole-ste-anne-asserac.fr\/wp-content\/uploads\/2020\/10\/P1010941-600x450.jpg 600w, https:\/\/ecole-ste-anne-asserac.fr\/wp-content\/uploads\/2020\/10\/P1010941-1536x1152.jpg 1536w, https:\/\/ecole-ste-anne-asserac.fr\/wp-content\/uploads\/2020\/10\/P1010941.jpg 1920w\" sizes=\"auto, (max-width: 300px) 100vw, 300px\" \/><\/p>\n<p>&nbsp; &nbsp; &nbsp; &nbsp; &nbsp; &nbsp; &nbsp; &nbsp; &nbsp; &nbsp; &nbsp; &nbsp; &nbsp; &nbsp; &nbsp; &nbsp; &nbsp; &nbsp; &nbsp; &nbsp; &nbsp; &nbsp; &nbsp; &nbsp; &nbsp; &nbsp; &nbsp; &nbsp; &nbsp; &nbsp; &nbsp; &nbsp; &nbsp; &nbsp; &nbsp; &nbsp; &nbsp; &nbsp; &nbsp; &nbsp; &nbsp; &nbsp; &nbsp; &nbsp; &nbsp; &nbsp; &nbsp; &nbsp; &nbsp; &nbsp; &nbsp; &nbsp; &nbsp; &nbsp; &nbsp; &nbsp; &nbsp; &nbsp; &nbsp; &nbsp; &nbsp; &nbsp; &nbsp; *****<\/p>\n<p><img loading=\"lazy\" decoding=\"async\" class=\"wp-image-4595 aligncenter\" src=\"http:\/\/ecole-ste-anne-asserac.fr\/wp-content\/uploads\/2021\/10\/ERASMUSDAYS_LOGO_2021_FR-300x220.jpg\" alt=\"\" width=\"190\" height=\"130\"><\/p>\n<p>En <strong>Octobre 2021<\/strong>, d\u00e9couvertes culturelles autour du Canada ( correspondants des CE2\/CM1), des USA et de l&rsquo;Angleterre ( GS au CE1), de l&rsquo;Irlande ( d\u00e9fi num\u00e9rique des CM1\/2) . Retour \u00e9galement des anciens CM2 pour recevoir leur r\u00e9compense , suite \u00e0 l&rsquo;obtention du Label de qualit\u00e9 fran\u00e7ais pour leur travail autour de Bruno Munari, artiste italien, avec leurs partenaires eTwinning de Turquie et d&rsquo;Italie.<\/p>\n<p><img loading=\"lazy\" decoding=\"async\" class=\"size-medium wp-image-4546 aligncenter\" src=\"http:\/\/ecole-ste-anne-asserac.fr\/wp-content\/uploads\/2021\/10\/16353264743271-225x300.jpg\" alt=\"\" width=\"225\" height=\"300\" srcset=\"https:\/\/ecole-ste-anne-asserac.fr\/wp-content\/uploads\/2021\/10\/16353264743271-225x300.jpg 225w, https:\/\/ecole-ste-anne-asserac.fr\/wp-content\/uploads\/2021\/10\/16353264743271-768x1024.jpg 768w, https:\/\/ecole-ste-anne-asserac.fr\/wp-content\/uploads\/2021\/10\/16353264743271-600x800.jpg 600w, https:\/\/ecole-ste-anne-asserac.fr\/wp-content\/uploads\/2021\/10\/16353264743271-1152x1536.jpg 1152w, https:\/\/ecole-ste-anne-asserac.fr\/wp-content\/uploads\/2021\/10\/16353264743271.jpg 1440w\" sizes=\"auto, (max-width: 225px) 100vw, 225px\" \/> <img loading=\"lazy\" decoding=\"async\" class=\"size-medium wp-image-4596 aligncenter\" src=\"http:\/\/ecole-ste-anne-asserac.fr\/wp-content\/uploads\/2021\/10\/GS-CP-Halloween-300x139.jpg\" alt=\"\" width=\"300\" height=\"139\" srcset=\"https:\/\/ecole-ste-anne-asserac.fr\/wp-content\/uploads\/2021\/10\/GS-CP-Halloween-300x139.jpg 300w, https:\/\/ecole-ste-anne-asserac.fr\/wp-content\/uploads\/2021\/10\/GS-CP-Halloween-1024x473.jpg 1024w, https:\/\/ecole-ste-anne-asserac.fr\/wp-content\/uploads\/2021\/10\/GS-CP-Halloween-768x355.jpg 768w, https:\/\/ecole-ste-anne-asserac.fr\/wp-content\/uploads\/2021\/10\/GS-CP-Halloween-600x277.jpg 600w, https:\/\/ecole-ste-anne-asserac.fr\/wp-content\/uploads\/2021\/10\/GS-CP-Halloween.jpg 1366w\" sizes=\"auto, (max-width: 300px) 100vw, 300px\" \/><img loading=\"lazy\" decoding=\"async\" class=\"size-medium wp-image-4602 aligncenter\" src=\"http:\/\/ecole-ste-anne-asserac.fr\/wp-content\/uploads\/2021\/10\/tous-ensemble-300x139.jpg\" alt=\"\" width=\"300\" height=\"139\" srcset=\"https:\/\/ecole-ste-anne-asserac.fr\/wp-content\/uploads\/2021\/10\/tous-ensemble-300x139.jpg 300w, https:\/\/ecole-ste-anne-asserac.fr\/wp-content\/uploads\/2021\/10\/tous-ensemble-1024x473.jpg 1024w, https:\/\/ecole-ste-anne-asserac.fr\/wp-content\/uploads\/2021\/10\/tous-ensemble-768x355.jpg 768w, https:\/\/ecole-ste-anne-asserac.fr\/wp-content\/uploads\/2021\/10\/tous-ensemble-600x277.jpg 600w, https:\/\/ecole-ste-anne-asserac.fr\/wp-content\/uploads\/2021\/10\/tous-ensemble.jpg 1299w\" sizes=\"auto, (max-width: 300px) 100vw, 300px\" \/><\/p>\n<p style=\"text-align: center;\">Comme \u00e0 l&rsquo;accoutum\u00e9e, tout s&rsquo;est termin\u00e9 par un go\u00fbter g\u00e9ant international !<img loading=\"lazy\" decoding=\"async\" class=\"size-medium wp-image-4606 aligncenter\" src=\"http:\/\/ecole-ste-anne-asserac.fr\/wp-content\/uploads\/2021\/10\/buffet-1-225x300.jpg\" alt=\"\" width=\"225\" height=\"300\" srcset=\"https:\/\/ecole-ste-anne-asserac.fr\/wp-content\/uploads\/2021\/10\/buffet-1-225x300.jpg 225w, https:\/\/ecole-ste-anne-asserac.fr\/wp-content\/uploads\/2021\/10\/buffet-1-768x1024.jpg 768w, https:\/\/ecole-ste-anne-asserac.fr\/wp-content\/uploads\/2021\/10\/buffet-1-600x800.jpg 600w, https:\/\/ecole-ste-anne-asserac.fr\/wp-content\/uploads\/2021\/10\/buffet-1.jpg 960w\" sizes=\"auto, (max-width: 225px) 100vw, 225px\" \/><\/p>\n<p>&nbsp; &nbsp; &nbsp; &nbsp; &nbsp; &nbsp; &nbsp; &nbsp; &nbsp; &nbsp; &nbsp; &nbsp; &nbsp; &nbsp; &nbsp; &nbsp; &nbsp; &nbsp; &nbsp; &nbsp; &nbsp; &nbsp; &nbsp; &nbsp; &nbsp; &nbsp; &nbsp; &nbsp; &nbsp; &nbsp; &nbsp; &nbsp; &nbsp; &nbsp; &nbsp; &nbsp; &nbsp; &nbsp; &nbsp; &nbsp; &nbsp; &nbsp; &nbsp; &nbsp; &nbsp; &nbsp; &nbsp; &nbsp; &nbsp; &nbsp; &nbsp; &nbsp; &nbsp; &nbsp; &nbsp; &nbsp; &nbsp; &nbsp; &nbsp; &nbsp; &nbsp; &nbsp; *******<\/p>\n<p><strong>Octobre 2022<\/strong> :<\/p>\n<p><img loading=\"lazy\" decoding=\"async\" class=\"alignnone wp-image-5163\" src=\"http:\/\/ecole-ste-anne-asserac.fr\/wp-content\/uploads\/2022\/10\/Breve-agenda-Erasmus-Days-2022-5-300x215.png\" alt=\"\" width=\"167\" height=\"119\" srcset=\"https:\/\/ecole-ste-anne-asserac.fr\/wp-content\/uploads\/2022\/10\/Breve-agenda-Erasmus-Days-2022-5-300x215.png 300w, https:\/\/ecole-ste-anne-asserac.fr\/wp-content\/uploads\/2022\/10\/Breve-agenda-Erasmus-Days-2022-5.png 530w\" sizes=\"auto, (max-width: 167px) 100vw, 167px\" \/>&nbsp; Un go\u00fbter sous le signe cette fois de l&rsquo;Espagne, l&rsquo;Angleterre, l&rsquo;Italie&#8230;et la Chine ! C&rsquo;est l&rsquo;occasion d&rsquo;annoncer l&rsquo;\u00e9change entre enseignantes Italie\/France : Les enseignantes de l&rsquo;\u00e9cole Sainte Anne en Italie en Octobre , celles de Colleferro \u00e0 Ass\u00e9rac en D\u00e9cembre. La suite logique d&rsquo;un partenariat entre nos 2 \u00e9tablissements apr\u00e8s plusieurs projets effectu\u00e9s sur eTwinning !<\/p>\n<p><img loading=\"lazy\" decoding=\"async\" class=\"size-medium wp-image-5172 aligncenter\" src=\"http:\/\/ecole-ste-anne-asserac.fr\/wp-content\/uploads\/2022\/10\/1666201184481-225x300.jpg\" alt=\"\" width=\"225\" height=\"300\" srcset=\"https:\/\/ecole-ste-anne-asserac.fr\/wp-content\/uploads\/2022\/10\/1666201184481-225x300.jpg 225w, https:\/\/ecole-ste-anne-asserac.fr\/wp-content\/uploads\/2022\/10\/1666201184481-768x1024.jpg 768w, https:\/\/ecole-ste-anne-asserac.fr\/wp-content\/uploads\/2022\/10\/1666201184481-600x800.jpg 600w, https:\/\/ecole-ste-anne-asserac.fr\/wp-content\/uploads\/2022\/10\/1666201184481-1152x1536.jpg 1152w, https:\/\/ecole-ste-anne-asserac.fr\/wp-content\/uploads\/2022\/10\/1666201184481.jpg 1440w\" sizes=\"auto, (max-width: 225px) 100vw, 225px\" \/><\/p>\n","protected":false},"excerpt":{"rendered":"<p>Le programme Erasmus + est un programme d&rsquo;\u00e9change d&rsquo;\u00e9tudiants et d&rsquo;enseignants entre les universit\u00e9s, les grandes \u00e9coles mais aussi les \u00e9coles maternelles et primaires \u00e0 travers l&rsquo;Europe enti\u00e8re. En Octobre 2017, Erasmus a f\u00eat\u00e9 ses 30 ans ! Aussi, en tant qu&rsquo;\u00e9tablissement labellis\u00e9 \u00ab&nbsp;International&nbsp;\u00bb, l&rsquo;\u00e9cole Sainte Anne a voulu marquer cet \u00e9v\u00e9nement en r\u00e9alisant des<\/p>\n<p><a href=\"https:\/\/ecole-ste-anne-asserac.fr\/?page_id=4215\" class=\"more-link themebutton\">Lire la suite<\/a><\/p>\n","protected":false},"author":3,"featured_media":0,"parent":2765,"menu_order":0,"comment_status":"closed","ping_status":"closed","template":"","meta":{"ngg_post_thumbnail":0,"footnotes":""},"class_list":["post-4215","page","type-page","status-publish","hentry"],"_links":{"self":[{"href":"https:\/\/ecole-ste-anne-asserac.fr\/index.php?rest_route=\/wp\/v2\/pages\/4215","targetHints":{"allow":["GET"]}}],"collection":[{"href":"https:\/\/ecole-ste-anne-asserac.fr\/index.php?rest_route=\/wp\/v2\/pages"}],"about":[{"href":"https:\/\/ecole-ste-anne-asserac.fr\/index.php?rest_route=\/wp\/v2\/types\/page"}],"author":[{"embeddable":true,"href":"https:\/\/ecole-ste-anne-asserac.fr\/index.php?rest_route=\/wp\/v2\/users\/3"}],"replies":[{"embeddable":true,"href":"https:\/\/ecole-ste-anne-asserac.fr\/index.php?rest_route=%2Fwp%2Fv2%2Fcomments&post=4215"}],"version-history":[{"count":14,"href":"https:\/\/ecole-ste-anne-asserac.fr\/index.php?rest_route=\/wp\/v2\/pages\/4215\/revisions"}],"predecessor-version":[{"id":6425,"href":"https:\/\/ecole-ste-anne-asserac.fr\/index.php?rest_route=\/wp\/v2\/pages\/4215\/revisions\/6425"}],"up":[{"embeddable":true,"href":"https:\/\/ecole-ste-anne-asserac.fr\/index.php?rest_route=\/wp\/v2\/pages\/2765"}],"wp:attachment":[{"href":"https:\/\/ecole-ste-anne-asserac.fr\/index.php?rest_route=%2Fwp%2Fv2%2Fmedia&parent=4215"}],"curies":[{"name":"wp","href":"https:\/\/api.w.org\/{rel}","templated":true}]}}