{"id":8,"date":"2026-01-12T10:00:43","date_gmt":"2026-01-12T09:00:43","guid":{"rendered":"http:\/\/ecole-ste-anne-asserac.fr\/?page_id=8"},"modified":"2026-02-07T10:53:48","modified_gmt":"2026-02-07T09:53:48","slug":"accueil","status":"publish","type":"page","link":"https:\/\/ecole-ste-anne-asserac.fr\/","title":{"rendered":"Accueil"},"content":{"rendered":"<div id=\"pl-8\"  class=\"panel-layout\" ><div id=\"pg-8-0\"  class=\"panel-grid panel-no-style\" ><div id=\"pgc-8-0-0\"  class=\"panel-grid-cell\" ><div id=\"panel-8-0-0-0\" class=\"so-panel widget widget_sow-editor panel-first-child panel-last-child\" data-index=\"0\" ><div class=\"panel-widget-style panel-widget-style-for-8-0-0-0\" ><div\n\t\t\t\n\t\t\tclass=\"so-widget-sow-editor so-widget-sow-editor-base\"\n\t\t\t\n\t\t><h3 class=\"widget-title\">\u00a0Bienvenue sur le site de l\u2019\u00e9cole Sainte Anne d\u2019Ass\u00e9rac <\/h3>\n<div class=\"siteorigin-widget-tinymce textwidget\">\n\t<div class=\"fiche\">\n<p><strong>&nbsp; &nbsp; &nbsp; &nbsp; &nbsp; &nbsp; &nbsp; &nbsp;<\/strong><img loading=\"lazy\" decoding=\"async\" class=\"aligncenter wp-image-3588\" src=\"http:\/\/ecole-ste-anne-asserac.fr\/wp-content\/uploads\/2020\/09\/Ste-Anne-Logo-bloc-300x193.png\" alt=\"Nouveau-logo-Ecole-SteAnne-ASSERAC\" width=\"141\" height=\"91\" srcset=\"https:\/\/ecole-ste-anne-asserac.fr\/wp-content\/uploads\/2020\/09\/Ste-Anne-Logo-bloc-300x193.png 300w, https:\/\/ecole-ste-anne-asserac.fr\/wp-content\/uploads\/2020\/09\/Ste-Anne-Logo-bloc-1024x659.png 1024w, https:\/\/ecole-ste-anne-asserac.fr\/wp-content\/uploads\/2020\/09\/Ste-Anne-Logo-bloc-768x494.png 768w, https:\/\/ecole-ste-anne-asserac.fr\/wp-content\/uploads\/2020\/09\/Ste-Anne-Logo-bloc-600x386.png 600w, https:\/\/ecole-ste-anne-asserac.fr\/wp-content\/uploads\/2020\/09\/Ste-Anne-Logo-bloc-1536x988.png 1536w, https:\/\/ecole-ste-anne-asserac.fr\/wp-content\/uploads\/2020\/09\/Ste-Anne-Logo-bloc-2048x1317.png 2048w\" sizes=\"auto, (max-width: 141px) 100vw, 141px\" \/><\/p>\n<\/div>\n<div style=\"text-align: center;\">****<\/div>\n<div class=\"fiche\">Ce site se veut un outil de communication et de partage entre l\u2019\u00e9cole et les familles ; il a pour but de vous faire d\u00e9couvrir l\u2019\u00e9cole, son fonctionnement, ses projets, ses activit\u00e9s\u2026Il est en constante \u00e9volution puisque les \u00e9l\u00e8ves participent \u00e0 la r\u00e9daction d\u2019articles avec leurs enseignantes tout au long de l\u2019ann\u00e9e , en fonction du projet d\u2019\u00e9cole.<\/div>\n<div class=\"contentBox\">\n<p>Bonne visite sur le site !<\/p>\n<div class=\"fiche\">La Directrice,<\/div>\n<div>V\u00e9ronique AMICE<\/div>\n<\/div>\n<\/div>\n<\/div><\/div><\/div><\/div><div id=\"pgc-8-0-1\"  class=\"panel-grid-cell\" ><div id=\"panel-8-0-1-0\" class=\"so-panel widget widget_sow-editor panel-first-child panel-last-child\" data-index=\"1\" ><div class=\"panel-widget-style panel-widget-style-for-8-0-1-0\" ><div\n\t\t\t\n\t\t\tclass=\"so-widget-sow-editor so-widget-sow-editor-base\"\n\t\t\t\n\t\t>\n<div class=\"siteorigin-widget-tinymce textwidget\">\n\t<p style=\"text-align: center;\">C'est le moment de penser aux inscriptions pour la future ann\u00e9e scolaire !<\/p>\n<p><a href=\"https:\/\/ecole-ste-anne-asserac.fr\/?p=7459\"><img loading=\"lazy\" decoding=\"async\" class=\"size-medium wp-image-7457 aligncenter\" src=\"http:\/\/ecole-ste-anne-asserac.fr\/wp-content\/uploads\/2026\/01\/ECOLE-STE-ANNE-ASSERAC-6-212x300.jpg\" alt=\"\" width=\"212\" height=\"300\" srcset=\"https:\/\/ecole-ste-anne-asserac.fr\/wp-content\/uploads\/2026\/01\/ECOLE-STE-ANNE-ASSERAC-6-212x300.jpg 212w, https:\/\/ecole-ste-anne-asserac.fr\/wp-content\/uploads\/2026\/01\/ECOLE-STE-ANNE-ASSERAC-6-724x1024.jpg 724w, https:\/\/ecole-ste-anne-asserac.fr\/wp-content\/uploads\/2026\/01\/ECOLE-STE-ANNE-ASSERAC-6-768x1086.jpg 768w, https:\/\/ecole-ste-anne-asserac.fr\/wp-content\/uploads\/2026\/01\/ECOLE-STE-ANNE-ASSERAC-6-600x849.jpg 600w, https:\/\/ecole-ste-anne-asserac.fr\/wp-content\/uploads\/2026\/01\/ECOLE-STE-ANNE-ASSERAC-6-1086x1536.jpg 1086w, https:\/\/ecole-ste-anne-asserac.fr\/wp-content\/uploads\/2026\/01\/ECOLE-STE-ANNE-ASSERAC-6.jpg 1414w\" sizes=\"auto, (max-width: 212px) 100vw, 212px\" \/><\/a><\/p>\n<p>&nbsp;<\/p>\n<p>&nbsp;<\/p>\n<p>&nbsp;<\/p>\n<p>&nbsp;<\/p>\n<\/div>\n<\/div><\/div><\/div><\/div><div id=\"pgc-8-0-2\"  class=\"panel-grid-cell\" ><div id=\"panel-8-0-2-0\" class=\"so-panel widget widget_categories panel-first-child\" data-index=\"2\" ><div class=\"panel-widget-style panel-widget-style-for-8-0-2-0\" ><h3 class=\"widget-title\">Vie des classes<\/h3>\n\t\t\t<ul>\n\t\t\t\t\t<li class=\"cat-item cat-item-11\"><a href=\"https:\/\/ecole-ste-anne-asserac.fr\/?cat=11\">Actualit\u00e9s<\/a>\n<\/li>\n\t<li class=\"cat-item cat-item-7\"><a href=\"https:\/\/ecole-ste-anne-asserac.fr\/?cat=7\">Classe de CE2-CM1<\/a>\n<\/li>\n\t<li class=\"cat-item cat-item-8\"><a href=\"https:\/\/ecole-ste-anne-asserac.fr\/?cat=8\">Classe de CM1-CM2<\/a>\n<\/li>\n\t<li class=\"cat-item cat-item-6\"><a href=\"https:\/\/ecole-ste-anne-asserac.fr\/?cat=6\">Classe de CP-CE1<\/a>\n<\/li>\n\t<li class=\"cat-item cat-item-4\"><a href=\"https:\/\/ecole-ste-anne-asserac.fr\/?cat=4\">Classe de GS-CP<\/a>\n<\/li>\n\t<li class=\"cat-item cat-item-5\"><a href=\"https:\/\/ecole-ste-anne-asserac.fr\/?cat=5\">Classe de PPS-PS-MS<\/a>\n<\/li>\n\t<li class=\"cat-item cat-item-1\"><a href=\"https:\/\/ecole-ste-anne-asserac.fr\/?cat=1\">Non class\u00e9<\/a>\n<\/li>\n\t\t\t<\/ul>\n\n\t\t\t<\/div><\/div><div id=\"panel-8-0-2-1\" class=\"so-panel widget widget_media_image panel-last-child\" data-index=\"3\" ><a href=\"https:\/\/www.facebook.com\/profile.php?id=100057382602212\"><img loading=\"lazy\" decoding=\"async\" width=\"64\" height=\"64\" src=\"https:\/\/ecole-ste-anne-asserac.fr\/wp-content\/uploads\/2023\/09\/FB.png\" class=\"image wp-image-5865  attachment-150x150 size-150x150\" alt=\"\" style=\"max-width: 100%; height: auto;\" \/><\/a><\/div><\/div><\/div><div id=\"pg-8-1\"  class=\"panel-grid panel-no-style\" ><div id=\"pgc-8-1-0\"  class=\"panel-grid-cell panel-grid-cell-empty\" ><\/div><div id=\"pgc-8-1-1\"  class=\"panel-grid-cell panel-grid-cell-empty\" ><\/div><div id=\"pgc-8-1-2\"  class=\"panel-grid-cell panel-grid-cell-empty\" ><\/div><div id=\"pgc-8-1-3\"  class=\"panel-grid-cell\" ><div id=\"panel-8-1-3-0\" class=\"so-panel widget widget_ai1ec_agenda_widget panel-first-child panel-last-child\" data-index=\"4\" ><div class=\"panel-widget-style panel-widget-style-for-8-1-3-0\" >\n\n\t<h3 class=\"widget-title\">\u00c9v\u00e8nements \u00e0 venir<\/h3>\n\n<style>\n<!--\n\n-->\n<\/style>\n<div class=\"timely ai1ec-agenda-widget-view ai1ec-clearfix\">\n\n\t\t\t<div>\n\t\t\t\t\t\t\t\t\t\t\t\t\t<div class=\"ai1ec-date\n\t\t\t\t\t\">\n\t\t\t\t\t<a class=\"ai1ec-date-title ai1ec-load-view\"\n\t\t\t\t\t\thref=\"https&#x3A;&#x2F;&#x2F;ecole-ste-anne-asserac.fr&#x2F;&#x3F;page_id&#x3D;4292&amp;ai1ec&#x3D;action&#x7E;oneday&#x7C;exact_date&#x7E;4-5-2026\">\n\t\t\t\t\t\t<div class=\"ai1ec-month\">Mai<\/div>\n\t\t\t\t\t\t<div class=\"ai1ec-day\">4<\/div>\n\t\t\t\t\t\t<div class=\"ai1ec-weekday\">lun<\/div>\n\t\t\t\t\t\t\t\t\t\t\t<\/a>\n\t\t\t\t\t<div class=\"ai1ec-date-events\">\n\t\t\t\t\t\t\t\t\t\t\t\t\t\t\t\t\t\t\t\t\t<div class=\"ai1ec-event\n\t\t\t\t\t\t\t\t\tai1ec-event-id-7484\n\t\t\t\t\t\t\t\t\tai1ec-event-instance-id-323\n\t\t\t\t\t\t\t\t\tai1ec-allday\">\n\n\t\t\t\t\t\t\t\t\t<a href=\"https&#x3A;&#x2F;&#x2F;ecole-ste-anne-asserac.fr&#x2F;&#x3F;ai1ec_event&#x3D;intervenante-sur-lalimentation&amp;instance_id&#x3D;323\"\n\t\t\t\t\t\t\t\t\t\tclass=\"ai1ec-popup-trigger ai1ec-load-event\">\n\t\t\t\t\t\t\t\t\t\t\t\t\t\t\t\t\t\t\t\t\t<span class=\"ai1ec-allday-badge\">\n\t\t\t\t\t\t\t\t\t\t\t\tJour entier\n\t\t\t\t\t\t\t\t\t\t\t<\/span>\n\t\t\t\t\t\t\t\t\t\t\n\t\t\t\t\t\t\t\t\t\t<span class=\"ai1ec-event-title\">\n\t\t\t\t\t\t\t\t\t\t\tIntervenante sur l&rsquo;alimentation\n\t\t\t\t\t\t\t\t\t\t\t\t\t\t\t\t\t\t\t\t\t<\/span>\n\t\t\t\t\t\t\t\t\t<\/a>\n\n\t\t\t\t\t\t\t\t\t<div class=\"ai1ec-popover ai1ec-popup \n\tai1ec-event-instance-id-323\">\n\n\t\t\n\t<span class=\"ai1ec-popup-title\">\n\t\t<a href=\"https&#x3A;&#x2F;&#x2F;ecole-ste-anne-asserac.fr&#x2F;&#x3F;ai1ec_event&#x3D;intervenante-sur-lalimentation&amp;instance_id&#x3D;323\"\n\t\t   class=\"ai1ec-load-event\"\n\t\t\t>Intervenante sur l&rsquo;alimentation<\/a>\n\t\t\t\t\t<\/span>\n\n\t\n\t<div class=\"ai1ec-event-time\">\n\t\t\t\t\tMai 4 <span class=\"ai1ec-allday-badge\">Jour entier<\/span>\n\t\t\t<\/div>\n\n\t\t\t<a class=\"ai1ec-load-event\"\n\t\t\thref=\"https&#x3A;&#x2F;&#x2F;ecole-ste-anne-asserac.fr&#x2F;&#x3F;ai1ec_event&#x3D;intervenante-sur-lalimentation&amp;instance_id&#x3D;323\">\n\t\t\t<div class=\"ai1ec-event-avatar timely  ai1ec-post_thumbnail ai1ec-portrait\"><img loading=\"lazy\" decoding=\"async\" src=\"https:\/\/ecole-ste-anne-asserac.fr\/wp-content\/uploads\/2020\/10\/fruit-225x300.jpg\" alt=\"Intervenante sur l&#039;alimentation\" width=\"225\" height=\"300\" \/><\/div>\n\t\t<\/a>\n\t\n\t\t\t<div class=\"ai1ec-popup-excerpt\">Dans le cadre des sciences, intervenante sur l&rsquo;alimentation, pour les \u00e9l\u00e8ves du CP au CM2.<\/div>\n\t\n<\/div>\n\n\t\t\t\t\t\t\t\t<\/div>\n\t\t\t\t\t\t\t \t\t\t\t\t\t\t\t\t\t\t\t\t \t\t\t\t\t\t \t\t\t\t\t<\/div>\n\t\t\t\t<\/div>\n\t\t\t\t\t\t\t<div class=\"ai1ec-date\n\t\t\t\t\t\">\n\t\t\t\t\t<a class=\"ai1ec-date-title ai1ec-load-view\"\n\t\t\t\t\t\thref=\"https&#x3A;&#x2F;&#x2F;ecole-ste-anne-asserac.fr&#x2F;&#x3F;page_id&#x3D;4292&amp;ai1ec&#x3D;action&#x7E;oneday&#x7C;exact_date&#x7E;10-5-2026\">\n\t\t\t\t\t\t<div class=\"ai1ec-month\">Mai<\/div>\n\t\t\t\t\t\t<div class=\"ai1ec-day\">10<\/div>\n\t\t\t\t\t\t<div class=\"ai1ec-weekday\">dim<\/div>\n\t\t\t\t\t\t\t\t\t\t\t<\/a>\n\t\t\t\t\t<div class=\"ai1ec-date-events\">\n\t\t\t\t\t\t\t\t\t\t\t\t\t \t\t\t\t\t\t\t\t\t\t\t\t\t\t\t\t\t\t\t\t\t<div class=\"ai1ec-event\n\t\t\t\t\t\t\t\t\tai1ec-event-id-4494\n\t\t\t\t\t\t\t\t\tai1ec-event-instance-id-324\n\t\t\t\t\t\t\t\t\t\">\n\n\t\t\t\t\t\t\t\t\t<a href=\"https&#x3A;&#x2F;&#x2F;ecole-ste-anne-asserac.fr&#x2F;&#x3F;ai1ec_event&#x3D;liturgie-des-enfants-6&amp;instance_id&#x3D;324\"\n\t\t\t\t\t\t\t\t\t\tclass=\"ai1ec-popup-trigger ai1ec-load-event\">\n\t\t\t\t\t\t\t\t\t\t\t\t\t\t\t\t\t\t\t\t\t<span class=\"ai1ec-event-time\">\n\t\t\t\t\t\t\t\t\t\t\t\t11 h 00 min\n\t\t\t\t\t\t\t\t\t\t\t<\/span>\n\t\t\t\t\t\t\t\t\t\t\n\t\t\t\t\t\t\t\t\t\t<span class=\"ai1ec-event-title\">\n\t\t\t\t\t\t\t\t\t\t\tLiturgie des enfants\n\t\t\t\t\t\t\t\t\t\t\t\t\t\t\t\t\t\t\t\t\t<\/span>\n\t\t\t\t\t\t\t\t\t<\/a>\n\n\t\t\t\t\t\t\t\t\t<div class=\"ai1ec-popover ai1ec-popup \n\tai1ec-event-instance-id-324\">\n\n\t\t\n\t<span class=\"ai1ec-popup-title\">\n\t\t<a href=\"https&#x3A;&#x2F;&#x2F;ecole-ste-anne-asserac.fr&#x2F;&#x3F;ai1ec_event&#x3D;liturgie-des-enfants-6&amp;instance_id&#x3D;324\"\n\t\t   class=\"ai1ec-load-event\"\n\t\t\t>Liturgie des enfants<\/a>\n\t\t\t\t\t<\/span>\n\n\t\n\t<div class=\"ai1ec-event-time\">\n\t\t\t\t\tMai 10 @ 11 h 00 min \u2013 12 h 00 min\n\t\t\t<\/div>\n\n\t\t\t<a class=\"ai1ec-load-event\"\n\t\t\thref=\"https&#x3A;&#x2F;&#x2F;ecole-ste-anne-asserac.fr&#x2F;&#x3F;ai1ec_event&#x3D;liturgie-des-enfants-6&amp;instance_id&#x3D;324\">\n\t\t\t<div class=\"ai1ec-event-avatar timely  ai1ec-post_thumbnail ai1ec-landscape\"><img loading=\"lazy\" decoding=\"async\" src=\"https:\/\/ecole-ste-anne-asserac.fr\/wp-content\/uploads\/2021\/09\/church-750250_1920-300x214.jpg\" alt=\"Liturgie des enfants\" width=\"300\" height=\"214\" \/><\/div>\n\t\t<\/a>\n\t\n\t\t\t<div class=\"ai1ec-popup-excerpt\">&nbsp;<\/div>\n\t\n<\/div>\n\n\t\t\t\t\t\t\t\t<\/div>\n\t\t\t\t\t\t\t\t\t\t\t\t\t\t\t<div class=\"ai1ec-event\n\t\t\t\t\t\t\t\t\tai1ec-event-id-6137\n\t\t\t\t\t\t\t\t\tai1ec-event-instance-id-309\n\t\t\t\t\t\t\t\t\t\">\n\n\t\t\t\t\t\t\t\t\t<a href=\"https&#x3A;&#x2F;&#x2F;ecole-ste-anne-asserac.fr&#x2F;&#x3F;ai1ec_event&#x3D;liturgie-des-enfants-8&amp;instance_id&#x3D;309\"\n\t\t\t\t\t\t\t\t\t\tclass=\"ai1ec-popup-trigger ai1ec-load-event\">\n\t\t\t\t\t\t\t\t\t\t\t\t\t\t\t\t\t\t\t\t\t<span class=\"ai1ec-event-time\">\n\t\t\t\t\t\t\t\t\t\t\t\t11 h 00 min\n\t\t\t\t\t\t\t\t\t\t\t<\/span>\n\t\t\t\t\t\t\t\t\t\t\n\t\t\t\t\t\t\t\t\t\t<span class=\"ai1ec-event-title\">\n\t\t\t\t\t\t\t\t\t\t\tLiturgie des enfants\n\t\t\t\t\t\t\t\t\t\t\t\t\t\t\t\t\t\t\t\t\t<\/span>\n\t\t\t\t\t\t\t\t\t<\/a>\n\n\t\t\t\t\t\t\t\t\t<div class=\"ai1ec-popover ai1ec-popup \n\tai1ec-event-instance-id-309\">\n\n\t\t\n\t<span class=\"ai1ec-popup-title\">\n\t\t<a href=\"https&#x3A;&#x2F;&#x2F;ecole-ste-anne-asserac.fr&#x2F;&#x3F;ai1ec_event&#x3D;liturgie-des-enfants-8&amp;instance_id&#x3D;309\"\n\t\t   class=\"ai1ec-load-event\"\n\t\t\t>Liturgie des enfants<\/a>\n\t\t\t\t\t<\/span>\n\n\t\n\t<div class=\"ai1ec-event-time\">\n\t\t\t\t\tMai 10 @ 11 h 00 min \u2013 12 h 00 min\n\t\t\t<\/div>\n\n\t\t\t<a class=\"ai1ec-load-event\"\n\t\t\thref=\"https&#x3A;&#x2F;&#x2F;ecole-ste-anne-asserac.fr&#x2F;&#x3F;ai1ec_event&#x3D;liturgie-des-enfants-8&amp;instance_id&#x3D;309\">\n\t\t\t<div class=\"ai1ec-event-avatar timely  ai1ec-post_thumbnail ai1ec-landscape\"><img loading=\"lazy\" decoding=\"async\" src=\"https:\/\/ecole-ste-anne-asserac.fr\/wp-content\/uploads\/2023\/10\/candlelight-3612508_1280-300x171.jpg\" alt=\"Liturgie des enfants\" width=\"300\" height=\"171\" \/><\/div>\n\t\t<\/a>\n\t\n\t\t\t<div class=\"ai1ec-popup-excerpt\">Eglise d&rsquo;Herbignac<\/div>\n\t\n<\/div>\n\n\t\t\t\t\t\t\t\t<\/div>\n\t\t\t\t\t\t\t \t\t\t\t\t\t \t\t\t\t\t<\/div>\n\t\t\t\t<\/div>\n\t\t\t \t\t<\/div>\n\t \n\t\t\t<div class=\"ai1ec-subscribe-buttons-widget\">\n\t\t\t\t\t\t\t<a class=\"ai1ec-btn ai1ec-btn-default ai1ec-btn-xs ai1ec-pull-right\n\t\t\t\t\tai1ec-calendar-link\"\n\t\t\t\t\thref=\"https&#x3A;&#x2F;&#x2F;ecole-ste-anne-asserac.fr&#x2F;&#x3F;page_id&#x3D;4292&amp;ai1ec&#x3D;\">\n\t\t\t\t\tVoir le calendrier\n\t\t\t\t\t<i class=\"ai1ec-fa ai1ec-fa-arrow-right\"><\/i>\n\t\t\t\t<\/a>\n\t\t\t\n\t\t\t\t\t\t\t<div class=\"ai1ec-subscribe-dropdown ai1ec-dropdown ai1ec-btn\n\tai1ec-btn-default ai1ec-btn-xs\">\n\t<span role=\"button\" class=\"ai1ec-dropdown-toggle ai1ec-subscribe\"\n\t\t\tdata-toggle=\"ai1ec-dropdown\">\n\t\t<i class=\"ai1ec-fa ai1ec-icon-rss ai1ec-fa-lg ai1ec-fa-fw\"><\/i>\n\t\t<span class=\"ai1ec-hidden-xs\">\n\t\t\t\t\t\t\tAjouter\n\t\t\t\t\t\t<span class=\"ai1ec-caret\"><\/span>\n\t\t<\/span>\n\t<\/span>\n\t\t\t<ul class=\"ai1ec-dropdown-menu ai1ec-pull-left\" role=\"menu\">\n\t\t<li>\n\t\t\t<a class=\"ai1ec-tooltip-trigger ai1ec-tooltip-auto\" target=\"_blank\"\n\t\t\t\tdata-placement=\"right\" title=\"Copiez cette URL pour votre propre calendrier Timely ou cliquez pour l\u2019ajouter \u00e0 votre calendrier de texte enrichi\"\n\t\t\t\thref=\"http&#x3A;&#x2F;&#x2F;ecole-ste-anne-asserac.fr&#x2F;&#x3F;plugin&#x3D;all-in-one-event-calendar&amp;controller&#x3D;ai1ec_exporter_controller&amp;action&#x3D;export_events\">\n\t\t\t\t<i class=\"ai1ec-fa ai1ec-fa-lg ai1ec-fa-fw ai1ec-icon-timely\"><\/i>\n\t\t\t\tAjouter au calendrier Timely\n\t\t\t<\/a>\n\t\t<\/li>\n\t\t<li>\n\t\t\t<a class=\"ai1ec-tooltip-trigger ai1ec-tooltip-auto\" target=\"_blank\"\n\t\t\t  data-placement=\"right\" title=\"Abonnez-vous \u00e0 ce calendrier dans votre agenda Google\"\n\t\t\t  href=\"https:\/\/www.google.com\/calendar\/render?cid=http&#x25;3A&#x25;2F&#x25;2Fecole-ste-anne-asserac.fr&#x25;2F&#x25;3Fplugin&#x25;3Dall-in-one-event-calendar&#x25;26controller&#x25;3Dai1ec_exporter_controller&#x25;26action&#x25;3Dexport_events&#x25;26no_html&#x25;3Dtrue&#x25;26&#x25;26\">\n\t\t\t\t<i class=\"ai1ec-fa ai1ec-icon-google ai1ec-fa-lg ai1ec-fa-fw\"><\/i>\n\t\t\t\tAjouter \u00e0 Google\n\t\t\t<\/a>\n\t\t<\/li>\n\t\t<li>\n\t\t\t<a class=\"ai1ec-tooltip-trigger ai1ec-tooltip-auto\" target=\"_blank\"\n\t\t\t  data-placement=\"right\" title=\"Abonnez-vous \u00e0 ce calendrier dans MS Outlook\"\n\t\t\t  href=\"webcal&#x3A;&#x2F;&#x2F;ecole-ste-anne-asserac.fr&#x2F;&#x3F;plugin&#x3D;all-in-one-event-calendar&amp;controller&#x3D;ai1ec_exporter_controller&amp;action&#x3D;export_events&amp;no_html&#x3D;true\">\n\t\t\t\t<i class=\"ai1ec-fa ai1ec-icon-windows ai1ec-fa-lg ai1ec-fa-fw\"><\/i>\n\t\t\t\tAjouter \u00e0 Outlook\n\t\t\t<\/a>\n\t\t<\/li>\n\t\t<li>\n\t\t\t<a class=\"ai1ec-tooltip-trigger ai1ec-tooltip-auto\" target=\"_blank\"\n\t\t\t  data-placement=\"right\" title=\"Abonnez-vous \u00e0 ce calendrier dans votre agenda Apple\u00a0\/\u00a0iCal\"\n\t\t\t  href=\"webcal&#x3A;&#x2F;&#x2F;ecole-ste-anne-asserac.fr&#x2F;&#x3F;plugin&#x3D;all-in-one-event-calendar&amp;controller&#x3D;ai1ec_exporter_controller&amp;action&#x3D;export_events&amp;no_html&#x3D;true\">\n\t\t\t\t<i class=\"ai1ec-fa ai1ec-icon-apple ai1ec-fa-lg ai1ec-fa-fw\"><\/i>\n\t\t\t\tAjouter au calendrier Apple\n\t\t\t<\/a>\n\t\t<\/li>\n\t\t<li>\n\t\t\t\t\t\t<a class=\"ai1ec-tooltip-trigger ai1ec-tooltip-auto\"\n\t\t\t  data-placement=\"right\" title=\"Abonnez-vous \u00e0 ce calendrier dans un autre calendrier en texte brut\"\n\t\t\t  href=\"http&#x3A;&#x2F;&#x2F;ecole-ste-anne-asserac.fr&#x2F;&#x3F;plugin&#x3D;all-in-one-event-calendar&amp;controller&#x3D;ai1ec_exporter_controller&amp;action&#x3D;export_events&amp;no_html&#x3D;true\">\n\t\t\t\t<i class=\"ai1ec-fa ai1ec-icon-calendar ai1ec-fa-fw\"><\/i>\n\t\t\t\tAjouter \u00e0 un autre calendrier\n\t\t\t<\/a>\n\t\t<\/li>\n\t\t<li>\n\t\t\t<a class=\"ai1ec-tooltip-trigger ai1ec-tooltip-auto\"\n\t\t\t  data-placement=\"right\" title=\"\"\n\t\t\t  href=\"http&#x3A;&#x2F;&#x2F;ecole-ste-anne-asserac.fr&#x2F;&#x3F;plugin&#x3D;all-in-one-event-calendar&amp;controller&#x3D;ai1ec_exporter_controller&amp;action&#x3D;export_events&xml=true\">\n\t\t\t\t<i class=\"ai1ec-fa ai1ec-fa-file-text ai1ec-fa-lg ai1ec-fa-fw\"><\/i>\n\t\t\t\tExporter vers XML\n\t\t\t<\/a>\n\t\t<\/li>\n\t<\/ul>\n<\/div>\n\n\t\t\t\t\t<\/div>\n\t \n<\/div>\n\n\n\n<\/div><\/div><\/div><\/div><div id=\"pg-8-2\"  class=\"panel-grid panel-no-style\" ><div id=\"pgc-8-2-0\"  class=\"panel-grid-cell\" ><div id=\"panel-8-2-0-0\" class=\"so-panel widget widget_sow-post-carousel panel-first-child panel-last-child\" data-index=\"5\" ><div\n\t\t\t\n\t\t\tclass=\"so-widget-sow-post-carousel so-widget-sow-post-carousel-base-0471499d4c66-8\"\n\t\t\t\n\t\t>\t<div\n\t\tclass=\"sow-post-carousel-wrapper sow-post-carousel-theme-base\"\n\t\tstyle=\"overflow: hidden; max-width: 100%; min-height: 182px\"\n\t>\n\t\t<div class=\"sow-carousel-title\">\n\t\t\t<div class=\"sow-carousel-navigation \">\n\t\t\t\t\t\t<a href=\"#\" class=\"sow-carousel-next\" title=\"Suivant\" aria-label=\"Next Posts\" role=\"button\"><\/a>\n\t\t\t\t\t\t<a href=\"#\" class=\"sow-carousel-previous\" title=\"Pr\u00e9c\u00e9dent\" aria-label=\"Previous Posts\" role=\"button\"><\/a>\n\t\t\t\t\t<\/div>\n\t<\/div>\n\n<div class=\"sow-carousel-container \">\n\t\t<div class=\"sow-carousel-wrapper\"\n\t\tdata-dir=\"ltr\"\n\t\tstyle=\"opacity: 0;\"\n\t\tdata-widget=\"post\" data-fetching=\"false\" data-page=\"1\" data-ajax-url=\"https:\/\/ecole-ste-anne-asserac.fr\/wp-admin\/admin-ajax.php?_widgets_nonce=4f8b0813ba\" data-item_count=\"393\" data-carousel_settings=\"{&quot;loop&quot;:true,&quot;animation&quot;:&quot;Ease&quot;,&quot;animation_speed&quot;:800,&quot;autoplay&quot;:&quot;off&quot;,&quot;pauseOnHover&quot;:false,&quot;autoplaySpeed&quot;:8000,&quot;item_overflow&quot;:true,&quot;autoplay_continuous_scroll&quot;:false}\" data-responsive=\"{&quot;desktop_slides_to_scroll&quot;:1,&quot;tablet_landscape_breakpoint&quot;:1366,&quot;tablet_landscape_slides_to_scroll&quot;:2,&quot;tablet_portrait_breakpoint&quot;:1025,&quot;tablet_portrait_slides_to_scroll&quot;:2,&quot;mobile_breakpoint&quot;:480,&quot;mobile_slides_to_scroll&quot;:1}\" data-variable_width=\"true\" \t>\n\t\t<div\n\t\t\tclass=\"sow-carousel-items\"\n\t\t\t\t\t>\n\t\t\t\t<div class=\"sow-carousel-item\" tabindex=\"-1\" style=\"float: left;\">\n\t\t<div class=\"sow-carousel-thumbnail\">\n\t\t\t\t\t\t\t<a\n\t\t\t\t\thref=\"https:\/\/ecole-ste-anne-asserac.fr\/?p=7459\"\n\t\t\t\t\t\t\t\t\t\tstyle=\"background-image: url( https:\/\/ecole-ste-anne-asserac.fr\/wp-content\/uploads\/2026\/01\/ECOLE-STE-ANNE-ASSERAC-6-272x182.jpg )\"\n\t\t\t\t\taria-labelledby=\"sow-carousel-id-7459\"\n\t\t\t\t\ttabindex=\"-1\"\n\t\t\t\t>\n\t\t\t\t\t<span class=\"overlay\"><\/span>\n\t\t\t\t<\/a>\n\t\t\t\t\t<\/div>\n\t\t<h3 class=\"sow-carousel-item-title\">\n\t\t\t<a\n\t\t\t\thref=\"https:\/\/ecole-ste-anne-asserac.fr\/?p=7459\"\n\t\t\t\tid=\"sow-carousel-id-7459\"\n\t\t\t\t\t\t\t\ttabindex=\"-1\"\n\t\t\t>\n\n\t\t\t\tInscriptions pour 2026-2027\t\t\t<\/a>\n\t\t<\/h3>\n\t<\/div>\n\t\t<div class=\"sow-carousel-item\" tabindex=\"-1\" style=\"float: left;\">\n\t\t<div class=\"sow-carousel-thumbnail\">\n\t\t\t\t\t\t\t<a\n\t\t\t\t\thref=\"https:\/\/ecole-ste-anne-asserac.fr\/?p=3744\"\n\t\t\t\t\t\t\t\t\t\tstyle=\"background-image: url( https:\/\/ecole-ste-anne-asserac.fr\/wp-content\/uploads\/2026\/01\/carte-de-voeux-2026-272x182.jpg )\"\n\t\t\t\t\taria-labelledby=\"sow-carousel-id-3744\"\n\t\t\t\t\ttabindex=\"-1\"\n\t\t\t\t>\n\t\t\t\t\t<span class=\"overlay\"><\/span>\n\t\t\t\t<\/a>\n\t\t\t\t\t<\/div>\n\t\t<h3 class=\"sow-carousel-item-title\">\n\t\t\t<a\n\t\t\t\thref=\"https:\/\/ecole-ste-anne-asserac.fr\/?p=3744\"\n\t\t\t\tid=\"sow-carousel-id-3744\"\n\t\t\t\t\t\t\t\ttabindex=\"-1\"\n\t\t\t>\n\n\t\t\t\tFestivit\u00e9s de NO\u00cbL 2025\t\t\t<\/a>\n\t\t<\/h3>\n\t<\/div>\n\t\t<div class=\"sow-carousel-item\" tabindex=\"-1\" style=\"float: left;\">\n\t\t<div class=\"sow-carousel-thumbnail\">\n\t\t\t\t\t\t\t<a\n\t\t\t\t\thref=\"https:\/\/ecole-ste-anne-asserac.fr\/?p=7371\"\n\t\t\t\t\t\t\t\t\t\tstyle=\"background-image: url( https:\/\/ecole-ste-anne-asserac.fr\/wp-content\/uploads\/2025\/10\/IMG_20251017_155930-272x182.jpg )\"\n\t\t\t\t\taria-labelledby=\"sow-carousel-id-7371\"\n\t\t\t\t\ttabindex=\"-1\"\n\t\t\t\t>\n\t\t\t\t\t<span class=\"overlay\"><\/span>\n\t\t\t\t<\/a>\n\t\t\t\t\t<\/div>\n\t\t<h3 class=\"sow-carousel-item-title\">\n\t\t\t<a\n\t\t\t\thref=\"https:\/\/ecole-ste-anne-asserac.fr\/?p=7371\"\n\t\t\t\tid=\"sow-carousel-id-7371\"\n\t\t\t\t\t\t\t\ttabindex=\"-1\"\n\t\t\t>\n\n\t\t\t\tErasmus days\t\t\t<\/a>\n\t\t<\/h3>\n\t<\/div>\n\t\t<div class=\"sow-carousel-item\" tabindex=\"-1\" style=\"float: left;\">\n\t\t<div class=\"sow-carousel-thumbnail\">\n\t\t\t\t\t\t\t<a\n\t\t\t\t\thref=\"https:\/\/ecole-ste-anne-asserac.fr\/?p=7280\"\n\t\t\t\t\t\t\t\t\t\tstyle=\"background-image: url( https:\/\/ecole-ste-anne-asserac.fr\/wp-content\/uploads\/2025\/11\/1762260347368-272x182.jpg )\"\n\t\t\t\t\taria-labelledby=\"sow-carousel-id-7280\"\n\t\t\t\t\ttabindex=\"-1\"\n\t\t\t\t>\n\t\t\t\t\t<span class=\"overlay\"><\/span>\n\t\t\t\t<\/a>\n\t\t\t\t\t<\/div>\n\t\t<h3 class=\"sow-carousel-item-title\">\n\t\t\t<a\n\t\t\t\thref=\"https:\/\/ecole-ste-anne-asserac.fr\/?p=7280\"\n\t\t\t\tid=\"sow-carousel-id-7280\"\n\t\t\t\t\t\t\t\ttabindex=\"-1\"\n\t\t\t>\n\n\t\t\t\tS\u00e9ances de Hockey avec Marilou\t\t\t<\/a>\n\t\t<\/h3>\n\t<\/div>\n\t\t<div class=\"sow-carousel-item\" tabindex=\"-1\" style=\"float: left;\">\n\t\t<div class=\"sow-carousel-thumbnail\">\n\t\t\t\t\t\t\t<a\n\t\t\t\t\thref=\"https:\/\/ecole-ste-anne-asserac.fr\/?p=7356\"\n\t\t\t\t\t\t\t\t\t\tstyle=\"background-image: url( https:\/\/ecole-ste-anne-asserac.fr\/wp-content\/uploads\/2025\/10\/20251014_132756-272x182.jpg )\"\n\t\t\t\t\taria-labelledby=\"sow-carousel-id-7356\"\n\t\t\t\t\ttabindex=\"-1\"\n\t\t\t\t>\n\t\t\t\t\t<span class=\"overlay\"><\/span>\n\t\t\t\t<\/a>\n\t\t\t\t\t<\/div>\n\t\t<h3 class=\"sow-carousel-item-title\">\n\t\t\t<a\n\t\t\t\thref=\"https:\/\/ecole-ste-anne-asserac.fr\/?p=7356\"\n\t\t\t\tid=\"sow-carousel-id-7356\"\n\t\t\t\t\t\t\t\ttabindex=\"-1\"\n\t\t\t>\n\n\t\t\t\tCross du cycle 3\t\t\t<\/a>\n\t\t<\/h3>\n\t<\/div>\n\t\t<div class=\"sow-carousel-item\" tabindex=\"-1\" style=\"float: left;\">\n\t\t<div class=\"sow-carousel-thumbnail\">\n\t\t\t\t\t\t\t<a\n\t\t\t\t\thref=\"https:\/\/ecole-ste-anne-asserac.fr\/?p=7320\"\n\t\t\t\t\t\t\t\t\t\tstyle=\"background-image: url( https:\/\/ecole-ste-anne-asserac.fr\/wp-content\/uploads\/2025\/10\/20251009_130102-1-272x182.jpg )\"\n\t\t\t\t\taria-labelledby=\"sow-carousel-id-7320\"\n\t\t\t\t\ttabindex=\"-1\"\n\t\t\t\t>\n\t\t\t\t\t<span class=\"overlay\"><\/span>\n\t\t\t\t<\/a>\n\t\t\t\t\t<\/div>\n\t\t<h3 class=\"sow-carousel-item-title\">\n\t\t\t<a\n\t\t\t\thref=\"https:\/\/ecole-ste-anne-asserac.fr\/?p=7320\"\n\t\t\t\tid=\"sow-carousel-id-7320\"\n\t\t\t\t\t\t\t\ttabindex=\"-1\"\n\t\t\t>\n\n\t\t\t\tAccueil des correspondants italiens\t\t\t<\/a>\n\t\t<\/h3>\n\t<\/div>\n\t\t<div class=\"sow-carousel-item\" tabindex=\"-1\" style=\"float: left;\">\n\t\t<div class=\"sow-carousel-thumbnail\">\n\t\t\t\t\t\t\t<a\n\t\t\t\t\thref=\"https:\/\/ecole-ste-anne-asserac.fr\/?p=7306\"\n\t\t\t\t\t\t\t\t\t\tstyle=\"background-image: url( https:\/\/ecole-ste-anne-asserac.fr\/wp-content\/uploads\/2025\/10\/20250930_154047-2-272x182.jpg )\"\n\t\t\t\t\taria-labelledby=\"sow-carousel-id-7306\"\n\t\t\t\t\ttabindex=\"-1\"\n\t\t\t\t>\n\t\t\t\t\t<span class=\"overlay\"><\/span>\n\t\t\t\t<\/a>\n\t\t\t\t\t<\/div>\n\t\t<h3 class=\"sow-carousel-item-title\">\n\t\t\t<a\n\t\t\t\thref=\"https:\/\/ecole-ste-anne-asserac.fr\/?p=7306\"\n\t\t\t\tid=\"sow-carousel-id-7306\"\n\t\t\t\t\t\t\t\ttabindex=\"-1\"\n\t\t\t>\n\n\t\t\t\tAccueil d&rsquo;une d\u00e9l\u00e9gation du B\u00e9nin\t\t\t<\/a>\n\t\t<\/h3>\n\t<\/div>\n\t\t<div class=\"sow-carousel-item\" tabindex=\"-1\" style=\"float: left;\">\n\t\t<div class=\"sow-carousel-thumbnail\">\n\t\t\t\t\t\t\t<a\n\t\t\t\t\thref=\"https:\/\/ecole-ste-anne-asserac.fr\/?p=3716\"\n\t\t\t\t\t\t\t\t\t\tstyle=\"background-image: url( https:\/\/ecole-ste-anne-asserac.fr\/wp-content\/uploads\/2025\/10\/IMG_20250923_102608-2-272x182.jpg )\"\n\t\t\t\t\taria-labelledby=\"sow-carousel-id-3716\"\n\t\t\t\t\ttabindex=\"-1\"\n\t\t\t\t>\n\t\t\t\t\t<span class=\"overlay\"><\/span>\n\t\t\t\t<\/a>\n\t\t\t\t\t<\/div>\n\t\t<h3 class=\"sow-carousel-item-title\">\n\t\t\t<a\n\t\t\t\thref=\"https:\/\/ecole-ste-anne-asserac.fr\/?p=3716\"\n\t\t\t\tid=\"sow-carousel-id-3716\"\n\t\t\t\t\t\t\t\ttabindex=\"-1\"\n\t\t\t>\n\n\t\t\t\tS\u00e9ances de voile pour les CM2\t\t\t<\/a>\n\t\t<\/h3>\n\t<\/div>\n\t\t<div class=\"sow-carousel-item\" tabindex=\"-1\" style=\"float: left;\">\n\t\t<div class=\"sow-carousel-thumbnail\">\n\t\t\t\t\t\t\t<a\n\t\t\t\t\thref=\"https:\/\/ecole-ste-anne-asserac.fr\/?p=7408\"\n\t\t\t\t\t\t\t\t\t\tstyle=\"background-image: url( https:\/\/ecole-ste-anne-asserac.fr\/wp-content\/uploads\/2025\/11\/IMG_20251003_095541-272x182.jpg )\"\n\t\t\t\t\taria-labelledby=\"sow-carousel-id-7408\"\n\t\t\t\t\ttabindex=\"-1\"\n\t\t\t\t>\n\t\t\t\t\t<span class=\"overlay\"><\/span>\n\t\t\t\t<\/a>\n\t\t\t\t\t<\/div>\n\t\t<h3 class=\"sow-carousel-item-title\">\n\t\t\t<a\n\t\t\t\thref=\"https:\/\/ecole-ste-anne-asserac.fr\/?p=7408\"\n\t\t\t\tid=\"sow-carousel-id-7408\"\n\t\t\t\t\t\t\t\ttabindex=\"-1\"\n\t\t\t>\n\n\t\t\t\tSpectacle sur les 5 sens\t\t\t<\/a>\n\t\t<\/h3>\n\t<\/div>\n\t\t<div class=\"sow-carousel-item\" tabindex=\"-1\" style=\"float: left;\">\n\t\t<div class=\"sow-carousel-thumbnail\">\n\t\t\t\t\t\t\t<a\n\t\t\t\t\thref=\"https:\/\/ecole-ste-anne-asserac.fr\/?p=3243\"\n\t\t\t\t\t\t\t\t\t\tstyle=\"background-image: url( https:\/\/ecole-ste-anne-asserac.fr\/wp-content\/uploads\/2019\/09\/inauguration-du-puzzle-272x182.jpg )\"\n\t\t\t\t\taria-labelledby=\"sow-carousel-id-3243\"\n\t\t\t\t\ttabindex=\"-1\"\n\t\t\t\t>\n\t\t\t\t\t<span class=\"overlay\"><\/span>\n\t\t\t\t<\/a>\n\t\t\t\t\t<\/div>\n\t\t<h3 class=\"sow-carousel-item-title\">\n\t\t\t<a\n\t\t\t\thref=\"https:\/\/ecole-ste-anne-asserac.fr\/?p=3243\"\n\t\t\t\tid=\"sow-carousel-id-3243\"\n\t\t\t\t\t\t\t\ttabindex=\"-1\"\n\t\t\t>\n\n\t\t\t\tC&rsquo;est la rentr\u00e9e !\t\t\t<\/a>\n\t\t<\/h3>\n\t<\/div>\n\t\t\t<\/div>\n\t\t\t<\/div>\n\n\t<\/div>\n\t\t<input type=\"hidden\" name=\"instance_hash\" value=\"75bf1366\"\/>\n\t<\/div>\n<\/div><\/div><\/div><\/div><div id=\"pg-8-3\"  class=\"panel-grid panel-no-style\" ><div id=\"pgc-8-3-0\"  class=\"panel-grid-cell panel-grid-cell-empty\" ><\/div><\/div><\/div>","protected":false},"excerpt":{"rendered":"<p>\u00a0Bienvenue sur le site de l\u2019\u00e9cole Sainte Anne d\u2019Ass\u00e9rac &nbsp; &nbsp; &nbsp; &nbsp; &nbsp; &nbsp; &nbsp; &nbsp; **** Ce site se veut un outil de communication et de partage entre l\u2019\u00e9cole et les familles ; il a pour but de vous faire d\u00e9couvrir l\u2019\u00e9cole, son fonctionnement, ses projets, ses activit\u00e9s\u2026Il est en constante \u00e9volution puisque<\/p>\n<p><a href=\"https:\/\/ecole-ste-anne-asserac.fr\/?p=3243\" class=\"more-link themebutton\">Lire la suite<\/a><\/p>\n","protected":false},"author":3,"featured_media":0,"parent":0,"menu_order":0,"comment_status":"closed","ping_status":"closed","template":"","meta":{"ngg_post_thumbnail":0,"footnotes":""},"class_list":["post-8","page","type-page","status-publish","hentry"],"_links":{"self":[{"href":"https:\/\/ecole-ste-anne-asserac.fr\/index.php?rest_route=\/wp\/v2\/pages\/8","targetHints":{"allow":["GET"]}}],"collection":[{"href":"https:\/\/ecole-ste-anne-asserac.fr\/index.php?rest_route=\/wp\/v2\/pages"}],"about":[{"href":"https:\/\/ecole-ste-anne-asserac.fr\/index.php?rest_route=\/wp\/v2\/types\/page"}],"author":[{"embeddable":true,"href":"https:\/\/ecole-ste-anne-asserac.fr\/index.php?rest_route=\/wp\/v2\/users\/3"}],"replies":[{"embeddable":true,"href":"https:\/\/ecole-ste-anne-asserac.fr\/index.php?rest_route=%2Fwp%2Fv2%2Fcomments&post=8"}],"version-history":[{"count":158,"href":"https:\/\/ecole-ste-anne-asserac.fr\/index.php?rest_route=\/wp\/v2\/pages\/8\/revisions"}],"predecessor-version":[{"id":7474,"href":"https:\/\/ecole-ste-anne-asserac.fr\/index.php?rest_route=\/wp\/v2\/pages\/8\/revisions\/7474"}],"wp:attachment":[{"href":"https:\/\/ecole-ste-anne-asserac.fr\/index.php?rest_route=%2Fwp%2Fv2%2Fmedia&parent=8"}],"curies":[{"name":"wp","href":"https:\/\/api.w.org\/{rel}","templated":true}]}}